
{"id":1888,"date":"2023-03-22T22:06:06","date_gmt":"2023-03-22T22:06:06","guid":{"rendered":"https:\/\/sipariosulgolfo.com\/?page_id=1888"},"modified":"2025-02-20T14:01:56","modified_gmt":"2025-02-20T14:01:56","slug":"chi-siamo","status":"publish","type":"page","link":"https:\/\/sipariowp.clauramial.opalstacked.com\/es\/chi-siamo\/","title":{"rendered":"Quienes somos"},"content":{"rendered":"<section id=\"clauramial-about-us-section\" class=\"container-xxl site-clauramial py-3 mb-3  bg-white\">\n\t\t<div class=\"container\">\n\t\t\t<div class=\"row g-5 align-items-center\">\n\t\t\t\t\n\t\t\t\t<div class=\"col-lg-6\">\n\t\t\t\t\t\t<div class=\"row g-3\">\n\n\t\t\t\t\t\t\t<div class=\"col-6 text-end\">\n\n<figure class=\"wp-block-image size-large\">\n<a href=\"\/wp-content\/uploads\/2023\/05\/barche-riomaggiore.webp\" title=\"Riommagiore, un vistazzo\" \n\t\t\t\t\t\t\t\t   class=\"gallery-item\" ><img decoding=\"async\" data-id=\"2537\" src=\"https:\/\/sipariosulgolfo.com\/wp-content\/uploads\/2023\/05\/barche-riomaggiore.webp\" data-src=\"https:\/\/sipariosulgolfo.com\/wp-content\/uploads\/2023\/05\/barche-riomaggiore.webp\" alt=\"Riommagiore, uno scorcio\" class=\"wp-image-2537 img-fluid rounded w-75 wow zoomIn ls-is-cached lazyloaded\" data-wow-delay=\"0.1s\" loading=\"lazy\" style=\"margin-top: 25%;\" data-srcset=\"https:\/\/sipariosulgolfo.com\/wp-content\/uploads\/2023\/05\/barche-riomaggiore.webp 400w, https:\/\/sipariosulgolfo.com\/wp-content\/uploads\/2023\/05\/barche-riomaggiore-300x300.webp 300w, https:\/\/sipariosulgolfo.com\/wp-content\/uploads\/2023\/05\/barche-riomaggiore-150x150.webp 150w, https:\/\/sipariosulgolfo.com\/wp-content\/uploads\/2023\/05\/barche-riomaggiore-12x12.webp 12w\" sizes=\"auto, (max-width: 400px) 100vw, 400px\" srcset=\"https:\/\/sipariosulgolfo.com\/wp-content\/uploads\/2023\/05\/barche-riomaggiore.webp 400w, https:\/\/sipariosulgolfo.com\/wp-content\/uploads\/2023\/05\/barche-riomaggiore-300x300.webp 300w, https:\/\/sipariosulgolfo.com\/wp-content\/uploads\/2023\/05\/barche-riomaggiore-150x150.webp 150w, https:\/\/sipariosulgolfo.com\/wp-content\/uploads\/2023\/05\/barche-riomaggiore-12x12.webp 12w\" width=\"400\" height=\"400\"><noscript><img loading=\"lazy\" decoding=\"async\" width=\"400\" height=\"400\" data-id=\"2537\" src=\"https:\/\/sipariosulgolfo.com\/wp-content\/uploads\/2023\/05\/barche-riomaggiore.webp\" alt=\"Riommagiore, uno scorcio\" class=\"wp-image-2537 lazyload\" srcset=\"https:\/\/sipariosulgolfo.com\/wp-content\/uploads\/2023\/05\/barche-riomaggiore.webp 400w, https:\/\/sipariosulgolfo.com\/wp-content\/uploads\/2023\/05\/barche-riomaggiore-300x300.webp 300w, https:\/\/sipariosulgolfo.com\/wp-content\/uploads\/2023\/05\/barche-riomaggiore-150x150.webp 150w, https:\/\/sipariosulgolfo.com\/wp-content\/uploads\/2023\/05\/barche-riomaggiore-12x12.webp 12w\" sizes=\"auto, (max-width: 400px) 100vw, 400px\" \/><\/noscript><\/a>\n<\/figure>\n\n\t\t\t\t\t\t\t<\/div>\n\t\t\t\t\t\t\t<div class=\"col-6 text-start\">\n<a href=\"\/es\/Gizmo, el gatito encontrado en Coregna\/\" title=\"Gizmo, el gatito encontrado en Coregna\" \n\t\t\t\t\t\t\t\t   class=\"gallery-item\" >\t\t\t\t\t\t\t\n<img decoding=\"async\" src=\"Gizmo, el gatito encontrado en Coregna\" srcset=\"\" sizes=\"auto, (max-width: 400px) 100vw, 400px\" alt=\"Gizmo, il gattino trovato a Coregna\" class=\"img-fluid rounded w-100 wow zoomIn\" data-wow-delay=\"0.3s\" loading=\"lazy\" width=\"400\" height=\"400\" data-srcset=\"\"><\/a>\n\n\t\t\t\t\t\t\t<\/div>\n\t\t\t\t\t\t\t<div class=\"col-6 text-end\">\n<a href=\"\/wp-content\/uploads\/2023\/05\/vista-dal-porto-militare.webp\" title=\"Vista del Porto Militare, La Spezia\" \n\t\t\t\t\t\t\t\t   class=\"gallery-item\" >\n<img decoding=\"async\" src=\"\/wp-content\/uploads\/2023\/05\/vista-dal-porto-militare.webp\" srcset=\"\/wp-content\/uploads\/2023\/05\/vista-dal-porto-militare.webp 400w, \/wp-content\/uploads\/2023\/05\/vista-dal-porto-militare-300x300.webp 300w, wp-content\/uploads\/2023\/05\/vista-dal-porto-militare-150x150.webp 150w, \/wp-content\/uploads\/2023\/05\/vista-dal-porto-militare-12x12.webp 12w\" sizes=\"auto, (max-width: 400px) 100vw, 400px\" alt=\"Vista del Porto Militare, La Spezia\" class=\"img-fluid rounded w-50 wow zoomIn\" data-wow-delay=\"0.5s\" loading=\"lazy\" width=\"400\" height=\"400\"><\/a>\n\t\t\t\t\t\t\t\t\n                            <\/div>\n                            <div class=\"col-6 text-start\">\n<a href=\"\/wp-content\/uploads\/2023\/05\/fiori-delle-cinque-terre.webp\" title=\"I fiori delle Cinque Terre\" \n\t\t\t\t\t\t\t\t   class=\"gallery-item\" >\n<img decoding=\"async\" src=\"\/wp-content\/uploads\/2023\/05\/fiori-delle-cinque-terre.webp\" srcset=\"\/wp-content\/uploads\/2023\/05\/fiori-delle-cinque-terre.webp 400w, \/wp-content\/uploads\/2023\/05\/fiori-delle-cinque-terre-300x300.webp 300w, \/wp-content\/uploads\/2023\/05\/fiori-delle-cinque-terre-150x150.webp 150w, \/wp-content\/uploads\/2023\/05\/fiori-delle-cinque-terre-12x12.webp 12w\" sizes=\"auto, (max-width: 400px) 100vw, 400px\" alt=\"I fiori delle Cinque Terre\" class=\"img-fluid rounded w-75 wow zoomIn\" data-wow-delay=\"0.7s\" loading=\"lazy\" width=\"400\" height=\"400\"><\/a>\n\t\t\t\t\t\t\t\t\n                            <\/div>\n \n\t\t\t\t\t\t<\/div>\n\n\t\t\t\t\t<\/div>\n\n\t\t\t\t\t\t\t\t\t\n\t\t\t\t\t<div class=\"col-lg-6 clauramial-about-sec\">\n\t\t\t\t\t\t<div class=\"section-heading text-left\">\n\t\t\t\t\t\t\t<span class=\"subheading-sm\">La Historia<\/span>\n\t\t\t\t\t\t\t<h2 class=\"heading-sp text-align-left mt-3 text-dark\">Roberto y Claudia<\/h2>\n\t\t\t\t\t\t<\/div>\n\t\t\t\t\t\t<div class=\"clauramial-content\">\n\t\t\t\t\t\t\t<p>Somos una familia \"italiana\/mexicana\" que siempre ha amado Liguria, y estamos vinculados a esta regi\u00f3n por el recuerdo de los hermosos momentos pasados \u200b\u200bcon personas queridas. Por esta raz\u00f3n decidimos comprar una casa en <a href=\"\/es\/da-vedere\/#laspezia\"  title=\"Para saber m\u00e1s sobre la ciudad\">Para saber m\u00e1s sobre la ciudad<\/a>. Y cuando <strong>visitamos esta casa inmediatamente nos capturo la atenci\u00f3n el panorama y la tranquilidad del lugar<\/strong>.<\/p>\n\n\n\n\t\t\t\t\t\t\t<p>La decisi\u00f3n de ponerla en alquiler deriva de que, al ser una segunda vivienda, permanecer\u00eda sola durante un buen periodo de tiempo al a\u00f1o. Y somos de la opini\u00f3n de que <strong>hay que vivir en las casas para mantenerlas ordenadas<\/strong>. Adem\u00e1s, el lugar es tan bonito que queremos compartirlo con gente que quiera disfrutar de unas vacaciones para conocer nuevos lugares, pero que al mismo tiempo quiera relajarse un rato lejos del bullicio.<\/p>\n\n\n\n\t\t\t\t\t\t\t<p>Ci piacerebbe condividere e contribuire a fare conoscere <a href=\"\/es\/da-vedere\/\"  title=\"Per sapere cosa vedere nei dintorni\">questa bellissima terra<\/a>, la sua storia e le tradizioni locali, e offrire ai nostri ospiti l\u2019opportunit\u00e0 di sperimentare tutto ci\u00f2 in prima persona. Inoltre, <strong>affittare la nostra casa ci aiuta a mantenere e migliorare la struttura, offrendo ai nostri ospiti un\u2019esperienza ancora migliore<\/strong>.<\/p>\n\n\n\t\t\t\t\t\t<\/div>\n\t\t\t\t\t\t\t\t\t\t\t\t\n\t\t\t\t\t\t\t\t\n\t\t\t\t\t<\/div>\n\n\n\n\t\t\t<\/div>\n\t\t\t\n\t\t<\/div>\n    <\/section>\n\n\n\n<section id=\"clauramial-about-us-section\" class=\"container-xxl site-clauramial py-5 mb-3  bg-white\">\n\t\t<div class=\"container\">\n\t\t\t<div class=\"row g-5 align-items-center\">\n\t\t\t\t\n\t\t\t\t<div class=\"col-lg-6 col-md-6 clauramial-about-sec\">\n\t\t\t\t\t\t<div class=\"section-heading text-left\">\n\t\t\t\t\t\t\t<span class=\"subheading-sm\">La Casa de vacaciones<\/span>\n\t\t\t\t\t\t\t<h2 class=\"heading-sp text-align-left mt-3 text-dark\">Sipario sul Golfo<\/h2>\n\t\t\t\t\t\t<\/div>\n\t\t\t\t\t\t<div class=\"clauramial-content\">\n\t\t\t\t\t\t\t<p><strong><em>\u201cSipario sul Golfo\u201d<\/em> \u00e8 una <a href=\"\/es\/la-casa-sipario-sul-golfo\/\"  title=\"Per sapere di pi\u00f9 sulla casa vacanze Sipario sul Golfo\">casa vacanze<\/a> confortevole sia dentro che fuori, ideata per dare agli ospiti la possibilit\u00e0 di sentirsi ben accolti per rendere ogni soggiorno una fonte di gioia e ricordi felici<\/strong>. Un posto tranquillo e contemplativo, dove sono stati creati spazi confortevoli sia all\u2019interno che all\u2019esterno, per permettere agli ospiti di ammirare un paesaggio aperto sul golfo dei poeti e le Alpi Apuane.<\/p>\n\n<p>Con un gran jard\u00edn en forma de terraza en dos niveles diferentes, los hu\u00e9spedes pueden relajarse y disfrutar de la belleza de las colinas circundantes. La casa de vacaciones est\u00e1 totalmente equipada con todas las comodidades modernas, como aire acondicionado, estacionamiento privado y acceso a Internet. <\/p>\n\n\t\t\t\t\t\t\t<p>Nuestros hu\u00e9spedes podr\u00e1n olvidarse de la fren\u00e9tica vida de la ciudad.<\/p>\n\n\n\n\t\t\t\t\t\t\t<p>Abbiamo voluto creare un posto dove alloggiare confortevolmente, per permettere a chiunque venga da noi di sentirsi come a casa. Oltre a questo desideriamo <a href=\"\/es\/da-vedere\/\"  title=\"Per sapere cosa vedere nei dintorni\">fare conoscere un\u2019area geografica protetta che offre molti posti turistici<\/a> ben noti e conosciuti: <strong>le Cinque Terre<\/strong>, <strong>Porto Venere<\/strong>, <strong>Lerici<\/strong>, etc.<\/p>\n\n\n\n\t\t\t\t\t\t\t<p>Per offrire un\u2019esperienza completa del soggiorno, abbiamo deciso al momento di affidarci ad un&#8217;agenzia del posto, che a su volta si incarica di fornire a gli ospiti informazioni utili sulle offerte per guide e tours da poter svolgere nelle vicinanze.<\/p>\n\t\t\t\t\t\t<\/div>\n\t\t\t\t\t\t\t\t\t\t\t\t\n\t\t\t\t\t\t\t\t\n\t\t\t\t\t<\/div>\n\t\t\t\t<div class=\"col-lg-6 col-md-6 order-first order-md-1\">\n\t\t\t\t\t<div class=\"row g-3\">\n\n\t\t\t\t\t\t\t<div class=\"col-6 text-end\">\n<a href=\"\/wp-content\/uploads\/2023\/05\/sipario-sul-golfo-casa-esterno.webp\" title=\"\" \n\t\t\t\t\t\t\t\t   class=\"gallery-item\" >\n\t\t\t\t\t\t\t\t<img decoding=\"async\" src=\"\/wp-content\/uploads\/2023\/05\/sipario-sul-golfo-casa-esterno.webp\" srcset=\"\/wp-content\/uploads\/2023\/05\/sipario-sul-golfo-casa-esterno.webp 400w, \/wp-content\/uploads\/2023\/05\/sipario-sul-golfo-casa-esterno-300x300.webp 300w, \/wp-content\/uploads\/2023\/05\/sipario-sul-golfo-casa-esterno-150x150.webp 150w, \/wp-content\/uploads\/2023\/05\/sipario-sul-golfo-casa-esterno-12x12.webp 12w\" sizes=\"auto, (max-width: 400px) 100vw, 400px\" alt=\"\" class=\"img-fluid rounded w-75 wow zoomIn\" data-wow-delay=\"0.1s\" loading=\"lazy\" style=\"margin-top: 25%;\" width=\"400\" height=\"400\"><\/a>\n\t\t\t\t\t\t\t<\/div>\n\t\t\t\t\t\t\t<div class=\"col-6 text-start\">\n\t\t\t\t<a href=\"\/wp-content\/uploads\/2023\/05\/sipario-sul-golfo-amanecer-coregna.webp\" title=\"\" \n\t\t\t\t\t\t\t\t   class=\"gallery-item\" >\t\t\t\n\t\t\t\t\t\t\t\t<img decoding=\"async\" src=\"\/wp-content\/uploads\/2023\/05\/sipario-sul-golfo-amanecer-coregna.webp\" srcset=\"\/wp-content\/uploads\/2023\/05\/sipario-sul-golfo-amanecer-coregna.webp 400w, \/wp-content\/uploads\/2023\/05\/sipario-sul-golfo-amanecer-coregna-300x300.webp 300w, \/wp-content\/uploads\/2023\/05\/sipario-sul-golfo-amanecer-coregna-150x150.webp 150w, \/wp-content\/uploads\/2023\/05\/sipario-sul-golfo-amanecer-coregna-12x12.webp 12w\" sizes=\"auto, (max-width: 400px) 100vw, 400px\" alt=\"Sipario sul Golfo, vista dell'alba\" class=\"img-fluid rounded w-100 wow zoomIn\" data-wow-delay=\"0.3s\" loading=\"lazy\" width=\"400\" height=\"400\"><\/a>\n\n\t\t\t\t\t\t\t<\/div>\n\t\t\t\t\t\t\t<div class=\"col-6 text-end\">\n<a href=\"\/wp-content\/uploads\/2023\/05\/sipario-sul-golfo-crociera-virgin.webp\" title=\"\" \n\t\t\t\t\t\t\t\t   class=\"gallery-item\" >\n\t\t\t\t\t\t\t\t<img decoding=\"async\" src=\"\/wp-content\/uploads\/2023\/05\/sipario-sul-golfo-crociera-virgin.webp\" srcset=\"\/wp-content\/uploads\/2023\/05\/sipario-sul-golfo-crociera-virgin.webp 400w, \/wp-content\/uploads\/2023\/05\/sipario-sul-golfo-crociera-virgin-300x300.webp 300w, \/wp-content\/uploads\/2023\/05\/sipario-sul-golfo-crociera-virgin-150x150.webp 150w, \/wp-content\/uploads\/2023\/05\/sipario-sul-golfo-crociera-virgin-12x12.webp 12w\" sizes=\"auto, (max-width: 400px) 100vw, 400px\" alt=\"About Us Gallery\" class=\"img-fluid rounded w-50 wow zoomIn\" data-wow-delay=\"0.5s\" loading=\"lazy\" width=\"400\" height=\"400\"><\/a>\n                            <\/div>\n                            <div class=\"col-6 text-start\">\n<a href=\"\/wp-content\/uploads\/2023\/05\/sipario-sul-golfo-camerina-terrazzo.webp\" title=\"\" \n\t\t\t\t\t\t\t\t   class=\"gallery-item\" >\n\t\t\t\t\t\t\t\t<img decoding=\"async\" src=\"\/wp-content\/uploads\/2023\/05\/sipario-sul-golfo-camerina-terrazzo.webp\" srcset=\"\/wp-content\/uploads\/2023\/05\/sipario-sul-golfo-camerina-terrazzo.webp 400w, \/wp-content\/uploads\/2023\/05\/sipario-sul-golfo-camerina-terrazzo-300x300.webp 300w, \/wp-content\/uploads\/2023\/05\/sipario-sul-golfo-camerina-terrazzo-150x150.webp 150w, \/wp-content\/uploads\/2023\/05\/sipario-sul-golfo-camerina-terrazzo-12x12.webp 12w\" sizes=\"auto, (max-width: 400px) 100vw, 400px\" alt=\"Sipario sul Golfo, camerina con terrazzo\" class=\"img-fluid rounded w-75 wow zoomIn\" data-wow-delay=\"0.7s\" loading=\"lazy\" width=\"400\" height=\"400\"><\/a>\n                            <\/div>\n \n\t\t\t\t\t\t<\/div>\n\n\t\t\t\t\t<\/div>\n\n\t\t\t<\/div>\n\t\t\t\n\t\t<\/div>\n    <\/section>\n\n\n\n<section class=\"wp-block-group container-xxl py-3 mb-3\"><div class=\"wp-block-group__inner-container is-layout-constrained wp-block-group-is-layout-constrained\">\n<div class=\"wp-block-columns container is-layout-flex wp-container-core-columns-is-layout-1 wp-block-columns-is-layout-flex\">\n<div class=\"wp-block-column is-layout-flow wp-block-column-is-layout-flow\">\n<div class=\"clauramial-featured-icon\"><i class=\"fa fa-bullseye\" aria-hidden=\"true\"><\/i>\n\n<\/div>\n\n\n\n<h2 class=\"wp-block-heading alignwide has-text-align-center cra-title\">Misi\u00f3n<\/h2>\n\n\n\n<div style=\"height:30px\" aria-hidden=\"true\" class=\"wp-block-spacer\"><\/div>\n\n\n\n<p>Nuestra <em>misi\u00f3n<\/em> como casa de vacaciones es <strong>dar a nuestros invitados <\/strong>la posibilidad de sentirse bienvenido para hacer de cada estancia una fuente de alegr\u00eda y <strong>recuerdos felices<\/strong>, por eso hemos pensado en crear <strong>espacios confortables tanto dentro como fuera de la casa<\/strong>.<\/p>\n\n\n\n<p>Queremos que nuestros hu\u00e9spedes sientan plena satisfacci\u00f3n, durante esos cortos per\u00edodos de vacaciones con nosotros, por nuestra atenci\u00f3n \u00fanica y personalizada.<\/p>\n\n\n\n<p>Somos conscientes de que vivimos en un mundo donde las personas viven con prisas y sin prestar cuidado, por eso queremos redescubrir esos detalles que pueden marcar la diferencia.<strong>: <em>atenci\u00f3n, confianza, respeto y profesionalismo<\/em><\/strong><em>, <\/em>que permitan mostrarnos como totalmente confiables.<\/p>\n<\/div>\n\n\n\n<div class=\"wp-block-column is-layout-flow wp-block-column-is-layout-flow\">\n<div class=\"clauramial-featured-icon\"><i class=\"fa-solid fa-eye\"><\/i>\n\t\t<\/div>\n\n\n\n<h2 class=\"wp-block-heading has-text-align-center cra-title\">Visi\u00f3n<\/h2>\n\n\n\n<div style=\"height:30px\" aria-hidden=\"true\" class=\"wp-block-spacer\"><\/div>\n\n\n\n<p>Il nostro obiettivo \u00e8 quello di diventare il luogo ideale per una vacanza rilassante e indimenticabile nella bellissima regione del Golfo dei Poeti. Vogliamo offrire ai nostri ospiti una sistemazione confortevole, con servizi di pulizia e lavanderia, attivit\u00e0 ed escursioni guidate nella zona, supporto per l&#8217;organizzazione di eventi e tanto altro ancora.<\/p>\n\n\n\n<p>Vogliamo impegnarci a promuovere pratiche sostenibili, riducendo al minimo l&#8217;impatto ambientale e favorendo l&#8217;uso di prodotti locali. Inoltre, vogliamo far vivere ai nostri ospiti un&#8217;esperienza locale autentica<strong>, promocionando los productos y actividades de la zona <\/strong>y ofreci\u00e9ndoles la oportunidad de sumergirse en la cultura y la historia locales.<\/p>\n\n\n\n<p>Nuestra visi\u00f3n es convertirnos en el <strong>opci\u00f3n preferida<\/strong> para unas vacaciones de calidad en el Golfo de La Spezia, ofreciendo un alto nivel de servicio y una experiencia inolvidable a nuestros hu\u00e9spedes.<\/p>\n<\/div>\n\n\n\n<div class=\"wp-block-column is-layout-flow wp-block-column-is-layout-flow\">\n<div class=\"clauramial-featured-icon\"><i class=\"fa-solid fa-hand-holding-heart\"><\/i>\n\t\t<\/div>\n\n\n\n<h2 class=\"wp-block-heading has-text-align-center cra-title\">\u00bfQu\u00e9 hacemos?<\/h2>\n\n\n\n<div style=\"height:30px\" aria-hidden=\"true\" class=\"wp-block-spacer\"><\/div>\n\n\n\n<p>Para brindar un alojamiento confortable a nuestros hu\u00e9spedes, hemos dispuesto la casa para que sea acogedora, y para lograrlo, hemos tratado de estar atentos a los peque\u00f1os detalles en el mobiliario y decoraci\u00f3n.<\/p>\n\n\n\n<p>Para garantizar un buen servicio de recepci\u00f3n, nos hemos apoyado a una agencia externa, Terre Marine, que sabe mejor que nosotros c\u00f3mo recibir y tratar a los hu\u00e9spedes seg\u00fan sus necesidades.<\/p>\n\n\n\n<p><\/p>\n<\/div>\n<\/div>\n<\/div><\/section>","protected":false},"excerpt":{"rendered":"<p>\u201cSipario sul Golfo\u201d \u00e8 una casa vacanze confortevole sia dentro che fuori, ideata per dare agli ospiti la possibilit\u00e0 di sentirsi ben accolti. Situata in un punto panoramico.<\/p>","protected":false},"author":2,"featured_media":0,"parent":0,"menu_order":0,"comment_status":"closed","ping_status":"closed","template":"templates\/page-about-us-template.php","meta":{"content-type":"","_uag_custom_page_level_css":"","footnotes":""},"class_list":["post-1888","page","type-page","status-publish","hentry"],"aioseo_notices":[],"uagb_featured_image_src":{"full":false,"thumbnail":false,"medium":false,"medium_large":false,"large":false,"1536x1536":false,"2048x2048":false,"trp-custom-language-flag":false,"clauramial-about-thumb":false,"clauramial-blog-thumb":false,"clauramial-featured-thumb":false,"clauramial-slider":false},"uagb_author_info":{"display_name":"Daniel Ramirez Alonso","author_link":"https:\/\/sipariowp.clauramial.opalstacked.com\/es\/author\/dany_sukerhotmail-com\/"},"uagb_comment_info":0,"uagb_excerpt":"\u201cSipario sul Golfo\u201d \u00e8 una casa vacanze confortevole sia dentro che fuori, ideata per dare agli ospiti la possibilit\u00e0 di sentirsi ben accolti. Situata in un punto panoramico.","_links":{"self":[{"href":"https:\/\/sipariowp.clauramial.opalstacked.com\/es\/wp-json\/wp\/v2\/pages\/1888","targetHints":{"allow":["GET"]}}],"collection":[{"href":"https:\/\/sipariowp.clauramial.opalstacked.com\/es\/wp-json\/wp\/v2\/pages"}],"about":[{"href":"https:\/\/sipariowp.clauramial.opalstacked.com\/es\/wp-json\/wp\/v2\/types\/page"}],"author":[{"embeddable":true,"href":"https:\/\/sipariowp.clauramial.opalstacked.com\/es\/wp-json\/wp\/v2\/users\/2"}],"replies":[{"embeddable":true,"href":"https:\/\/sipariowp.clauramial.opalstacked.com\/es\/wp-json\/wp\/v2\/comments?post=1888"}],"version-history":[{"count":78,"href":"https:\/\/sipariowp.clauramial.opalstacked.com\/es\/wp-json\/wp\/v2\/pages\/1888\/revisions"}],"predecessor-version":[{"id":3587,"href":"https:\/\/sipariowp.clauramial.opalstacked.com\/es\/wp-json\/wp\/v2\/pages\/1888\/revisions\/3587"}],"wp:attachment":[{"href":"https:\/\/sipariowp.clauramial.opalstacked.com\/es\/wp-json\/wp\/v2\/media?parent=1888"}],"curies":[{"name":"wp","href":"https:\/\/api.w.org\/{rel}","templated":true}]}}