
{"id":2160,"date":"2023-04-13T10:33:17","date_gmt":"2023-04-13T10:33:17","guid":{"rendered":"https:\/\/sipariosulgolfo.com\/?page_id=2160"},"modified":"2024-02-20T21:05:28","modified_gmt":"2024-02-20T21:05:28","slug":"da-vedere","status":"publish","type":"page","link":"https:\/\/sipariowp.clauramial.opalstacked.com\/es\/nei-dintorni\/da-vedere\/","title":{"rendered":"Por Visitar"},"content":{"rendered":"<div class=\"wp-block-group\"><div class=\"wp-block-group__inner-container is-layout-constrained wp-block-group-is-layout-constrained\">\n<div class=\"wp-block-group\"><div class=\"wp-block-group__inner-container is-layout-constrained wp-block-group-is-layout-constrained\">\n<div class=\"wp-block-columns is-layout-flex wp-container-core-columns-is-layout-1 wp-block-columns-is-layout-flex\">\n<div class=\"wp-block-column is-layout-flow wp-block-column-is-layout-flow\">\n<p>&#8220;Sipario sul Golfo&#8221; si trova nella provincia della Spezia situata nella regione italiana della Liguria, e la citt\u00e0 principale \u00e8 appunto La Spezia. \u00c8 una zona costiera affacciata sul Mar Ligure e comprende diverse localit\u00e0 turistiche, tra cui le Cinque Terre, PortoVenere e Lerici.<\/p>\n\n\n\n<p>La provincia della Spezia \u00e8 famosa per i suoi spettacolari paesaggi marini, i pittoreschi borghi costieri e le spiagge mozzafiato. \u00c8 un luogo ideale per gli amanti del mare, delle escursioni, della buona cucina e della cultura.<\/p>\n\n\n\n<p>E come potrai immaginare le cose da vedere ce ne sono tante.<\/p>\n<\/div>\n\n\n\n<div class=\"wp-block-column is-layout-flow wp-block-column-is-layout-flow\"><\/div>\n<\/div>\n<\/div><\/div>\n<\/div><\/div>\n\n\n\n<div class=\"wp-block-group container-xxl py-3 mb-3\"><div class=\"wp-block-group__inner-container is-layout-constrained wp-block-group-is-layout-constrained\">\n<div class=\"wp-block-group container\"><div class=\"wp-block-group__inner-container is-layout-constrained wp-block-group-is-layout-constrained\">\n<div class=\"wp-block-columns is-layout-flex wp-container-core-columns-is-layout-2 wp-block-columns-is-layout-flex\">\n<div class=\"wp-block-column is-layout-flow wp-block-column-is-layout-flow\">\n<p>Ma prima di continuare a visitare i dintorni vi consigliamo di visitare la citt\u00e0 de La Spezia.<\/p>\n\n\n\n<h2 class=\"wp-block-heading\">Para saber m\u00e1s sobre la ciudad<\/h2>\n\n\n\n<p>La&nbsp;citt\u00e0&nbsp;si trova all&#8217;estremo levante della regione Liguria, a pochi chilometri dal confine con la&nbsp;<a href=\"https:\/\/it.wikipedia.org\/wiki\/Toscana\">Toscana<\/a>, al centro di un profondo&nbsp;golfo naturale: il Golfo dei Poeti.<\/p>\n\n\n\n<p><strong>Para saber m\u00e1s sobre la ciudad<\/strong> \u00e8 strategica per una vacanza in Liguria perch\u00e9 <strong>offre ai visitatori molte possibilit\u00e0 e scelte conforme ad ogni possibilit\u00e0<\/strong>. Oltre ad essere un centro portuale e navale, ci sono musei marittimi e archeologici, un castello in collina e un centro storico ideale per esplorare e assaggiare la cucina ligure.<\/p>\n\n\n\n<p>La Spezia offre una combinazione di storia, cultura e natura il che la rende una meta completa. Ecco alcune delle principali attrazioni che puoi visitare:<\/p>\n<\/div>\n<\/div>\n<\/div><\/div>\n<\/div><\/div>\n\n\n\n<div class=\"wp-block-group container-xxl py-3\"><div class=\"wp-block-group__inner-container is-layout-constrained wp-block-group-is-layout-constrained\">\n<div class=\"wp-block-group container\"><div class=\"wp-block-group__inner-container is-layout-constrained wp-block-group-is-layout-constrained\">\n<div class=\"wp-block-columns row g-5 align-items-center is-layout-flex wp-container-core-columns-is-layout-3 wp-block-columns-is-layout-flex\">\n<div class=\"wp-block-column col-lg-6 is-layout-flow wp-block-column-is-layout-flow\">\n<div class=\"wp-block-group image-stack mb-3 mb-lg-0\"><div class=\"wp-block-group__inner-container is-layout-constrained wp-block-group-is-layout-constrained\">\n<div class=\"wp-block-group image-stack__item image-stack__item--bottom is-nowrap is-layout-flex wp-container-core-group-is-layout-5 wp-block-group-is-layout-flex\">\n<figure class=\"wp-block-image size-full img-fluid rounded wow FadeIn\"><img loading=\"lazy\" decoding=\"async\" width=\"500\" height=\"343\" src=\"https:\/\/sipariosulgolfo.com\/wp-content\/uploads\/2023\/06\/manarola-vista-500-343.webp\" alt=\"\" class=\"wp-image-2825\" srcset=\"https:\/\/sipariowp.clauramial.opalstacked.com\/wp-content\/uploads\/2023\/06\/manarola-vista-500-343.webp 500w, https:\/\/sipariowp.clauramial.opalstacked.com\/wp-content\/uploads\/2023\/06\/manarola-vista-500-343-300x206.webp 300w, https:\/\/sipariowp.clauramial.opalstacked.com\/wp-content\/uploads\/2023\/06\/manarola-vista-500-343-18x12.webp 18w\" sizes=\"auto, (max-width: 500px) 100vw, 500px\" \/><\/figure>\n<\/div>\n\n\n\n<div class=\"wp-block-group image-stack__item image-stack__item--top\"><div class=\"wp-block-group__inner-container is-layout-constrained wp-block-group-is-layout-constrained\">\n<figure class=\"wp-block-image size-full\"><img loading=\"lazy\" decoding=\"async\" width=\"400\" height=\"400\" src=\"https:\/\/sipariosulgolfo.com\/wp-content\/uploads\/2023\/05\/barche-riomaggiore.webp\" alt=\"Riommagiore, uno scorcio\" class=\"wp-image-2537\" srcset=\"https:\/\/sipariowp.clauramial.opalstacked.com\/wp-content\/uploads\/2023\/05\/barche-riomaggiore.webp 400w, https:\/\/sipariowp.clauramial.opalstacked.com\/wp-content\/uploads\/2023\/05\/barche-riomaggiore-300x300.webp 300w, https:\/\/sipariowp.clauramial.opalstacked.com\/wp-content\/uploads\/2023\/05\/barche-riomaggiore-150x150.webp 150w, https:\/\/sipariowp.clauramial.opalstacked.com\/wp-content\/uploads\/2023\/05\/barche-riomaggiore-12x12.webp 12w\" sizes=\"auto, (max-width: 400px) 100vw, 400px\" \/><\/figure>\n<\/div><\/div>\n<\/div><\/div>\n<\/div>\n\n\n\n<div class=\"wp-block-column col-lg-6 is-layout-flow wp-block-column-is-layout-flow\">\n<h3 class=\"wp-block-heading\">Il Centro Storico e le scalinate<\/h3>\n\n\n\n<p>Il centro storico de La Spezia \u00e8 la zona pi\u00f9 pittoresca e turistica della citt\u00e0, con le sue strette viuzze, i suoi edifici storici e la sua architettura centenaria. Puoi passeggiare per la <strong>Piazza del Mercato<\/strong>, il cuore commerciale de La Spezia, dove si svolgono mercati all\u2019aperto il marted\u00ec e il venerd\u00ec mattina. L\u00ec potrai trovare prodotti locali, artigianato e souvenir. <\/p>\n\n\n\n<p>Puoi anche visitare le <strong>scalinate<\/strong>, delle strade in salita che collegano il centro con i quartieri alti della citt\u00e0, offrendo scorci suggestivi e panoramici.<\/p>\n\n\n\n<p>Non dimenticare di camminare in <strong>Via del Prione<\/strong> considerata come la<strong> via principale dello shopping<\/strong> nel centro storico. Lungo questa strada pedonale, troverai negozi, caff\u00e8 e ristoranti dove puoi fare una pausa e gustare la cucina locale.<\/p>\n<\/div>\n<\/div>\n<\/div><\/div>\n<\/div><\/div>\n\n\n\n<div class=\"wp-block-group container-xxl py-3\"><div class=\"wp-block-group__inner-container is-layout-constrained wp-block-group-is-layout-constrained\">\n<div class=\"wp-block-group container\"><div class=\"wp-block-group__inner-container is-layout-constrained wp-block-group-is-layout-constrained\">\n<div class=\"wp-block-columns row align-items-center justify-content-between is-layout-flex wp-container-core-columns-is-layout-4 wp-block-columns-is-layout-flex\">\n<div class=\"wp-block-column col-lg-6 order-lg-2 mb-5 mb-lg-0 is-layout-flow wp-block-column-is-layout-flow\">\n<div class=\"wp-block-group image-stack mb-3 mb-lg-0\"><div class=\"wp-block-group__inner-container is-layout-constrained wp-block-group-is-layout-constrained\">\n<div class=\"wp-block-group image-stack__item image-stack__item--bottom is-nowrap is-layout-flex wp-container-core-group-is-layout-10 wp-block-group-is-layout-flex\">\n<figure class=\"wp-block-image size-full img-fluid rounded wow FadeIn\"><img loading=\"lazy\" decoding=\"async\" width=\"500\" height=\"343\" src=\"https:\/\/sipariosulgolfo.com\/wp-content\/uploads\/2023\/06\/manarola-vista-500-343.webp\" alt=\"\" class=\"wp-image-2825\" srcset=\"https:\/\/sipariowp.clauramial.opalstacked.com\/wp-content\/uploads\/2023\/06\/manarola-vista-500-343.webp 500w, https:\/\/sipariowp.clauramial.opalstacked.com\/wp-content\/uploads\/2023\/06\/manarola-vista-500-343-300x206.webp 300w, https:\/\/sipariowp.clauramial.opalstacked.com\/wp-content\/uploads\/2023\/06\/manarola-vista-500-343-18x12.webp 18w\" sizes=\"auto, (max-width: 500px) 100vw, 500px\" \/><\/figure>\n<\/div>\n\n\n\n<div class=\"wp-block-group image-stack__item image-stack__item--top\"><div class=\"wp-block-group__inner-container is-layout-constrained wp-block-group-is-layout-constrained\">\n<figure class=\"wp-block-image size-full\"><img loading=\"lazy\" decoding=\"async\" width=\"400\" height=\"400\" src=\"https:\/\/sipariosulgolfo.com\/wp-content\/uploads\/2023\/05\/barche-riomaggiore.webp\" alt=\"Riommagiore, uno scorcio\" class=\"wp-image-2537\" srcset=\"https:\/\/sipariowp.clauramial.opalstacked.com\/wp-content\/uploads\/2023\/05\/barche-riomaggiore.webp 400w, https:\/\/sipariowp.clauramial.opalstacked.com\/wp-content\/uploads\/2023\/05\/barche-riomaggiore-300x300.webp 300w, https:\/\/sipariowp.clauramial.opalstacked.com\/wp-content\/uploads\/2023\/05\/barche-riomaggiore-150x150.webp 150w, https:\/\/sipariowp.clauramial.opalstacked.com\/wp-content\/uploads\/2023\/05\/barche-riomaggiore-12x12.webp 12w\" sizes=\"auto, (max-width: 400px) 100vw, 400px\" \/><\/figure>\n<\/div><\/div>\n<\/div><\/div>\n<\/div>\n\n\n\n<div class=\"wp-block-column col-lg-4 order-lg-1 is-layout-flow wp-block-column-is-layout-flow\">\n<h3 class=\"wp-block-heading\"><strong>Palazzo Oldoini, Palazzo del Ghiaccio e Palazzo delle Poste<\/strong><\/h3>\n\n\n\n<p>Questi sono tre esempi di architettura razionalista che caratterizzano il centro de La Spezia. <\/p>\n\n\n\n<p id=\"palazzooldoini\">Il <strong>Palazzo Oldoini<\/strong> \u00e8 un edificio residenziale costruito negli anni &#8217;30 con una facciata geometrica e colorata.<\/p>\n\n\n\n<p> Il <strong>Palazzo del Ghiaccio<\/strong> \u00e8 un ex deposito di ghiaccio trasformato in un centro culturale e sportivo. <\/p>\n\n\n\n<p>Il <strong>Palazzo delle Poste<\/strong> \u00e8 un edificio monumentale che ospita gli uffici postali e una sala espositiva.<\/p>\n<\/div>\n<\/div>\n<\/div><\/div>\n<\/div><\/div>\n\n\n\n<div class=\"wp-block-group container-xxl py-3\"><div class=\"wp-block-group__inner-container is-layout-constrained wp-block-group-is-layout-constrained\">\n<div class=\"wp-block-group container\"><div class=\"wp-block-group__inner-container is-layout-constrained wp-block-group-is-layout-constrained\">\n<div class=\"wp-block-columns row align-items-center justify-content-between is-layout-flex wp-container-core-columns-is-layout-5 wp-block-columns-is-layout-flex\">\n<div class=\"wp-block-column col-lg-6 order-lg-1 mb-5 mb-lg-0 is-layout-flow wp-block-column-is-layout-flow\">\n<div class=\"wp-block-group image-stack mb-3 mb-lg-0\"><div class=\"wp-block-group__inner-container is-layout-constrained wp-block-group-is-layout-constrained\">\n<div class=\"wp-block-group image-stack__item image-stack__item--bottom is-nowrap is-layout-flex wp-container-core-group-is-layout-15 wp-block-group-is-layout-flex\">\n<figure class=\"wp-block-image size-full img-fluid rounded wow FadeIn\"><img loading=\"lazy\" decoding=\"async\" width=\"500\" height=\"343\" src=\"https:\/\/sipariosulgolfo.com\/wp-content\/uploads\/2023\/06\/manarola-vista-500-343.webp\" alt=\"\" class=\"wp-image-2825\" srcset=\"https:\/\/sipariowp.clauramial.opalstacked.com\/wp-content\/uploads\/2023\/06\/manarola-vista-500-343.webp 500w, https:\/\/sipariowp.clauramial.opalstacked.com\/wp-content\/uploads\/2023\/06\/manarola-vista-500-343-300x206.webp 300w, https:\/\/sipariowp.clauramial.opalstacked.com\/wp-content\/uploads\/2023\/06\/manarola-vista-500-343-18x12.webp 18w\" sizes=\"auto, (max-width: 500px) 100vw, 500px\" \/><\/figure>\n<\/div>\n\n\n\n<div class=\"wp-block-group image-stack__item image-stack__item--top\"><div class=\"wp-block-group__inner-container is-layout-constrained wp-block-group-is-layout-constrained\">\n<figure class=\"wp-block-image size-full\"><img loading=\"lazy\" decoding=\"async\" width=\"400\" height=\"400\" src=\"https:\/\/sipariosulgolfo.com\/wp-content\/uploads\/2023\/05\/barche-riomaggiore.webp\" alt=\"Riommagiore, uno scorcio\" class=\"wp-image-2537\" srcset=\"https:\/\/sipariowp.clauramial.opalstacked.com\/wp-content\/uploads\/2023\/05\/barche-riomaggiore.webp 400w, https:\/\/sipariowp.clauramial.opalstacked.com\/wp-content\/uploads\/2023\/05\/barche-riomaggiore-300x300.webp 300w, https:\/\/sipariowp.clauramial.opalstacked.com\/wp-content\/uploads\/2023\/05\/barche-riomaggiore-150x150.webp 150w, https:\/\/sipariowp.clauramial.opalstacked.com\/wp-content\/uploads\/2023\/05\/barche-riomaggiore-12x12.webp 12w\" sizes=\"auto, (max-width: 400px) 100vw, 400px\" \/><\/figure>\n<\/div><\/div>\n<\/div><\/div>\n<\/div>\n\n\n\n<div class=\"wp-block-column col-lg-4 order-lg-2 is-layout-flow wp-block-column-is-layout-flow\">\n<h4 class=\"wp-block-heading\"><strong>Chiesa di Santa Maria Assunta e Cattedrale di Cristo Re<\/strong><\/h4>\n\n\n\n<p>Queste sono due importanti chiese de La Spezia che testimoniano la sua storia religiosa. <\/p>\n\n\n\n<p>La <strong>Chiesa di Santa Maria Assunta<\/strong> \u00e8 la chiesa pi\u00f9 antica della citt\u00e0, risalente al XIII secolo. Ha una facciata romanica e un campanile gotico, e conserva al suo interno opere d\u2019arte di pregio.<\/p>\n\n\n\n<p> La <strong>Cattedrale di Cristo Re<\/strong> \u00e8 una chiesa neogotica che si erge sulla citt\u00e0. Il suo interno \u00e8 molto luminoso e ospita opere d\u2019arte religiose. Dalla piazza della cattedrale potrai godere di una splendida vista panoramica de La Spezia e della sua baia.<\/p>\n<\/div>\n<\/div>\n<\/div><\/div>\n<\/div><\/div>\n\n\n\n<div class=\"wp-block-group container-xxl py-3\"><div class=\"wp-block-group__inner-container is-layout-constrained wp-block-group-is-layout-constrained\">\n<div class=\"wp-block-group container\"><div class=\"wp-block-group__inner-container is-layout-constrained wp-block-group-is-layout-constrained\">\n<div class=\"wp-block-columns row align-items-center justify-content-between is-layout-flex wp-container-core-columns-is-layout-6 wp-block-columns-is-layout-flex\">\n<div class=\"wp-block-column col-lg-6 order-lg-2  mb-5 mb-lg-0 is-layout-flow wp-block-column-is-layout-flow\">\n<div class=\"wp-block-group image-stack mb-3 mb-lg-0\"><div class=\"wp-block-group__inner-container is-layout-constrained wp-block-group-is-layout-constrained\">\n<div class=\"wp-block-group image-stack__item image-stack__item--bottom is-nowrap is-layout-flex wp-container-core-group-is-layout-20 wp-block-group-is-layout-flex\">\n<figure class=\"wp-block-image size-full img-fluid rounded wow FadeIn\"><img loading=\"lazy\" decoding=\"async\" width=\"500\" height=\"343\" src=\"https:\/\/sipariosulgolfo.com\/wp-content\/uploads\/2023\/06\/manarola-vista-500-343.webp\" alt=\"\" class=\"wp-image-2825\" srcset=\"https:\/\/sipariowp.clauramial.opalstacked.com\/wp-content\/uploads\/2023\/06\/manarola-vista-500-343.webp 500w, https:\/\/sipariowp.clauramial.opalstacked.com\/wp-content\/uploads\/2023\/06\/manarola-vista-500-343-300x206.webp 300w, https:\/\/sipariowp.clauramial.opalstacked.com\/wp-content\/uploads\/2023\/06\/manarola-vista-500-343-18x12.webp 18w\" sizes=\"auto, (max-width: 500px) 100vw, 500px\" \/><\/figure>\n<\/div>\n\n\n\n<div class=\"wp-block-group image-stack__item image-stack__item--top\"><div class=\"wp-block-group__inner-container is-layout-constrained wp-block-group-is-layout-constrained\">\n<figure class=\"wp-block-image size-full\"><img loading=\"lazy\" decoding=\"async\" width=\"400\" height=\"400\" src=\"https:\/\/sipariosulgolfo.com\/wp-content\/uploads\/2023\/05\/barche-riomaggiore.webp\" alt=\"Riommagiore, uno scorcio\" class=\"wp-image-2537\" srcset=\"https:\/\/sipariowp.clauramial.opalstacked.com\/wp-content\/uploads\/2023\/05\/barche-riomaggiore.webp 400w, https:\/\/sipariowp.clauramial.opalstacked.com\/wp-content\/uploads\/2023\/05\/barche-riomaggiore-300x300.webp 300w, https:\/\/sipariowp.clauramial.opalstacked.com\/wp-content\/uploads\/2023\/05\/barche-riomaggiore-150x150.webp 150w, https:\/\/sipariowp.clauramial.opalstacked.com\/wp-content\/uploads\/2023\/05\/barche-riomaggiore-12x12.webp 12w\" sizes=\"auto, (max-width: 400px) 100vw, 400px\" \/><\/figure>\n<\/div><\/div>\n<\/div><\/div>\n<\/div>\n\n\n\n<div class=\"wp-block-column col-lg-4 order-lg-1 is-layout-flow wp-block-column-is-layout-flow\">\n<h4 class=\"wp-block-heading\"><strong><strong>Museo del Sigillo, Museo Civico Amedeo Lia e Museo Tecnico Navale<\/strong><\/strong><\/h4>\n\n\n\n<p>Questi sono tre musei interessanti che ti permetteranno di approfondire la cultura e la storia de La Spezia. <\/p>\n\n\n\n<p>Il <strong>Museo del Sigillo<\/strong> \u00e8 l\u2019unico museo al mondo dedicato alla storia e all\u2019arte dei sigilli, con una collezione di oltre 10.000 pezzi provenienti da varie epoche e civilt\u00e0. <\/p>\n\n\n\n<p>Il <strong>Museo Civico Amedeo Lia<\/strong> \u00e8 un museo d\u2019arte che espone la collezione privata del mecenate Amedeo Lia, con opere che vanno dal Medioevo al Novecento. <\/p>\n\n\n\n<p>Il <strong>Museo Tecnico Navale<\/strong> \u00e8 uno dei pi\u00f9 importanti musei navali d\u2019Italia, che illustra gli aspetti tecnici delle forze navali italiane e del loro equipaggiamento. Potrai vedere una grande collezione di oggetti come cannoni, tute da sub, modelli di navi e pannelli di controllo.<\/p>\n<\/div>\n<\/div>\n<\/div><\/div>\n<\/div><\/div>\n\n\n\n<div class=\"wp-block-group container-xxl py-3\"><div class=\"wp-block-group__inner-container is-layout-constrained wp-block-group-is-layout-constrained\">\n<div class=\"wp-block-group container\"><div class=\"wp-block-group__inner-container is-layout-constrained wp-block-group-is-layout-constrained\">\n<div class=\"wp-block-columns row align-items-center justify-content-between is-layout-flex wp-container-core-columns-is-layout-7 wp-block-columns-is-layout-flex\">\n<div class=\"wp-block-column col-lg-6 order-lg-1  mb-5 mb-lg-0 is-layout-flow wp-block-column-is-layout-flow\">\n<div class=\"wp-block-group image-stack mb-3 mb-lg-0\"><div class=\"wp-block-group__inner-container is-layout-constrained wp-block-group-is-layout-constrained\">\n<div class=\"wp-block-group image-stack__item image-stack__item--bottom is-nowrap is-layout-flex wp-container-core-group-is-layout-25 wp-block-group-is-layout-flex\">\n<figure class=\"wp-block-image size-full img-fluid rounded wow FadeIn\"><img loading=\"lazy\" decoding=\"async\" width=\"750\" height=\"1000\" src=\"https:\/\/sipariosulgolfo.com\/wp-content\/uploads\/2023\/07\/facciata-teatro-civico.webp\" alt=\"\" class=\"wp-image-3115\" srcset=\"https:\/\/sipariowp.clauramial.opalstacked.com\/wp-content\/uploads\/2023\/07\/facciata-teatro-civico.webp 750w, https:\/\/sipariowp.clauramial.opalstacked.com\/wp-content\/uploads\/2023\/07\/facciata-teatro-civico-225x300.webp 225w, https:\/\/sipariowp.clauramial.opalstacked.com\/wp-content\/uploads\/2023\/07\/facciata-teatro-civico-9x12.webp 9w\" sizes=\"auto, (max-width: 750px) 100vw, 750px\" \/><\/figure>\n<\/div>\n\n\n\n<div class=\"wp-block-group image-stack__item image-stack__item--top\"><div class=\"wp-block-group__inner-container is-layout-constrained wp-block-group-is-layout-constrained\">\n<figure class=\"wp-block-image size-large\"><img loading=\"lazy\" decoding=\"async\" width=\"1024\" height=\"785\" src=\"https:\/\/sipariosulgolfo.com\/wp-content\/uploads\/2023\/07\/area-facciata-teatro-civico-1024x785.webp\" alt=\"\" class=\"wp-image-3114\" srcset=\"https:\/\/sipariowp.clauramial.opalstacked.com\/wp-content\/uploads\/2023\/07\/area-facciata-teatro-civico-1024x785.webp 1024w, https:\/\/sipariowp.clauramial.opalstacked.com\/wp-content\/uploads\/2023\/07\/area-facciata-teatro-civico-300x230.webp 300w, https:\/\/sipariowp.clauramial.opalstacked.com\/wp-content\/uploads\/2023\/07\/area-facciata-teatro-civico-768x589.webp 768w, https:\/\/sipariowp.clauramial.opalstacked.com\/wp-content\/uploads\/2023\/07\/area-facciata-teatro-civico-16x12.webp 16w, https:\/\/sipariowp.clauramial.opalstacked.com\/wp-content\/uploads\/2023\/07\/area-facciata-teatro-civico.webp 1500w\" sizes=\"auto, (max-width: 1024px) 100vw, 1024px\" \/><\/figure>\n<\/div><\/div>\n<\/div><\/div>\n<\/div>\n\n\n\n<div class=\"wp-block-column col-lg-4 order-lg-2 is-layout-flow wp-block-column-is-layout-flow\">\n<h3 class=\"wp-block-heading\"><strong>Teatro Civico<\/strong><\/h3>\n\n\n\n<p id=\"teatrocivico\">Questo \u00e8 il principale teatro de La Spezia, inaugurato nel 1846. Ha una facciata neoclassica e un interno elegante, con una sala a ferro di cavallo decorata con stucchi e affreschi. Il teatro ospita spettacoli di prosa, musica, danza e opera, con una programmazione varia e di qualit\u00e0.<\/p>\n<\/div>\n<\/div>\n<\/div><\/div>\n<\/div><\/div>\n\n\n\n<div class=\"wp-block-group container-xxl py-3\"><div class=\"wp-block-group__inner-container is-layout-constrained wp-block-group-is-layout-constrained\">\n<div class=\"wp-block-group container\"><div class=\"wp-block-group__inner-container is-layout-constrained wp-block-group-is-layout-constrained\">\n<div class=\"wp-block-columns row align-items-center justify-content-between is-layout-flex wp-container-core-columns-is-layout-8 wp-block-columns-is-layout-flex\">\n<div class=\"wp-block-column col-lg-6 order-lg-2  mb-5 mb-lg-0 is-layout-flow wp-block-column-is-layout-flow\">\n<div class=\"wp-block-group image-stack mb-3 mb-lg-0\"><div class=\"wp-block-group__inner-container is-layout-constrained wp-block-group-is-layout-constrained\">\n<div class=\"wp-block-group image-stack__item image-stack__item--bottom is-nowrap is-layout-flex wp-container-core-group-is-layout-30 wp-block-group-is-layout-flex\">\n<figure class=\"wp-block-image size-full img-fluid rounded wow FadeIn\"><img loading=\"lazy\" decoding=\"async\" width=\"500\" height=\"343\" src=\"https:\/\/sipariosulgolfo.com\/wp-content\/uploads\/2023\/06\/manarola-vista-500-343.webp\" alt=\"\" class=\"wp-image-2825\" srcset=\"https:\/\/sipariowp.clauramial.opalstacked.com\/wp-content\/uploads\/2023\/06\/manarola-vista-500-343.webp 500w, https:\/\/sipariowp.clauramial.opalstacked.com\/wp-content\/uploads\/2023\/06\/manarola-vista-500-343-300x206.webp 300w, https:\/\/sipariowp.clauramial.opalstacked.com\/wp-content\/uploads\/2023\/06\/manarola-vista-500-343-18x12.webp 18w\" sizes=\"auto, (max-width: 500px) 100vw, 500px\" \/><\/figure>\n<\/div>\n\n\n\n<div class=\"wp-block-group image-stack__item image-stack__item--top\"><div class=\"wp-block-group__inner-container is-layout-constrained wp-block-group-is-layout-constrained\">\n<figure class=\"wp-block-image size-full\"><img loading=\"lazy\" decoding=\"async\" width=\"400\" height=\"400\" src=\"https:\/\/sipariosulgolfo.com\/wp-content\/uploads\/2023\/05\/barche-riomaggiore.webp\" alt=\"Riommagiore, uno scorcio\" class=\"wp-image-2537\" srcset=\"https:\/\/sipariowp.clauramial.opalstacked.com\/wp-content\/uploads\/2023\/05\/barche-riomaggiore.webp 400w, https:\/\/sipariowp.clauramial.opalstacked.com\/wp-content\/uploads\/2023\/05\/barche-riomaggiore-300x300.webp 300w, https:\/\/sipariowp.clauramial.opalstacked.com\/wp-content\/uploads\/2023\/05\/barche-riomaggiore-150x150.webp 150w, https:\/\/sipariowp.clauramial.opalstacked.com\/wp-content\/uploads\/2023\/05\/barche-riomaggiore-12x12.webp 12w\" sizes=\"auto, (max-width: 400px) 100vw, 400px\" \/><\/figure>\n<\/div><\/div>\n<\/div><\/div>\n<\/div>\n\n\n\n<div class=\"wp-block-column col-lg-4 order-lg-1 is-layout-flow wp-block-column-is-layout-flow\">\n<h3 class=\"wp-block-heading\"><strong>Giardini Pubblici e Monumento a Garibaldi<\/strong><\/h3>\n\n\n\n<p>Questi sono due luoghi verdi e rilassanti nel centro de La Spezia. I <strong>Giardini Pubblici<\/strong> sono un parco storico che si estende per circa 4 ettari. All\u2019interno troverai alberi secolari, fontane, statue e un laghetto artificiale. Il parco ospita anche il <strong>Monumento a Garibaldi<\/strong>, una statua bronzea dedicata all\u2019eroe dell\u2019Unit\u00e0 d\u2019Italia, che visse a La Spezia per un breve periodo.<\/p>\n<\/div>\n<\/div>\n<\/div><\/div>\n<\/div><\/div>\n\n\n\n<div class=\"wp-block-group container-xxl py-3 mb-2\"><div class=\"wp-block-group__inner-container is-layout-constrained wp-block-group-is-layout-constrained\">\n<div class=\"wp-block-group container\"><div class=\"wp-block-group__inner-container is-layout-constrained wp-block-group-is-layout-constrained\">\n<div class=\"wp-block-columns row align-items-center justify-content-between is-layout-flex wp-container-core-columns-is-layout-9 wp-block-columns-is-layout-flex\">\n<div class=\"wp-block-column col-lg-6 order-lg-1  mb-5 mb-lg-0 is-layout-flow wp-block-column-is-layout-flow\">\n<div class=\"wp-block-group image-stack mb-3 mb-lg-0\"><div class=\"wp-block-group__inner-container is-layout-constrained wp-block-group-is-layout-constrained\">\n<div class=\"wp-block-group image-stack__item image-stack__item--bottom is-nowrap is-layout-flex wp-container-core-group-is-layout-35 wp-block-group-is-layout-flex\">\n<figure class=\"wp-block-image size-full img-fluid rounded wow FadeIn\"><img loading=\"lazy\" decoding=\"async\" width=\"500\" height=\"343\" src=\"https:\/\/sipariosulgolfo.com\/wp-content\/uploads\/2023\/06\/manarola-vista-500-343.webp\" alt=\"\" class=\"wp-image-2825\" srcset=\"https:\/\/sipariowp.clauramial.opalstacked.com\/wp-content\/uploads\/2023\/06\/manarola-vista-500-343.webp 500w, https:\/\/sipariowp.clauramial.opalstacked.com\/wp-content\/uploads\/2023\/06\/manarola-vista-500-343-300x206.webp 300w, https:\/\/sipariowp.clauramial.opalstacked.com\/wp-content\/uploads\/2023\/06\/manarola-vista-500-343-18x12.webp 18w\" sizes=\"auto, (max-width: 500px) 100vw, 500px\" \/><\/figure>\n<\/div>\n\n\n\n<div class=\"wp-block-group image-stack__item image-stack__item--top\"><div class=\"wp-block-group__inner-container is-layout-constrained wp-block-group-is-layout-constrained\">\n<figure class=\"wp-block-image size-full\"><img loading=\"lazy\" decoding=\"async\" width=\"400\" height=\"400\" src=\"https:\/\/sipariosulgolfo.com\/wp-content\/uploads\/2023\/05\/barche-riomaggiore.webp\" alt=\"Riommagiore, uno scorcio\" class=\"wp-image-2537\" srcset=\"https:\/\/sipariowp.clauramial.opalstacked.com\/wp-content\/uploads\/2023\/05\/barche-riomaggiore.webp 400w, https:\/\/sipariowp.clauramial.opalstacked.com\/wp-content\/uploads\/2023\/05\/barche-riomaggiore-300x300.webp 300w, https:\/\/sipariowp.clauramial.opalstacked.com\/wp-content\/uploads\/2023\/05\/barche-riomaggiore-150x150.webp 150w, https:\/\/sipariowp.clauramial.opalstacked.com\/wp-content\/uploads\/2023\/05\/barche-riomaggiore-12x12.webp 12w\" sizes=\"auto, (max-width: 400px) 100vw, 400px\" \/><\/figure>\n<\/div><\/div>\n<\/div><\/div>\n<\/div>\n\n\n\n<div class=\"wp-block-column col-lg-4 order-lg-2 is-layout-flow wp-block-column-is-layout-flow\">\n<h3 class=\"wp-block-heading\"><strong><strong>Lungomare, Ponte Thaon de Revel e il Porto<\/strong><\/strong><\/h3>\n\n\n\n<p>Questi sono tre luoghi che ti permetteranno di apprezzare il paesaggio e l\u2019atmosfera marina de La Spezia. <\/p>\n\n\n\n<p>Il <strong>Lungomare<\/strong> \u00e8 una passeggiata costiera che si snoda lungo la baia, offrendo una splendida vista sul mare e sulle colline circostanti. Lungo il percorso troverai anche bar, ristoranti e gelaterie dove fermarti per una pausa. <\/p>\n\n\n\n<p>Il <strong>Ponte Thaon de Revel<\/strong> \u00e8 un ponte girevole che collega il centro con il quartiere di <strong>Porto Mirabello<\/strong>, una zona moderna e vivace dove si trovano il porto turistico, un piccolo centro commerciale e il Museo Tecnico Navale. <\/p>\n\n\n\n<p>Il <strong>Porto<\/strong> \u00e8 il cuore pulsante de La Spezia, dove potrai osservare le attivit\u00e0 commerciali e militari che si svolgono quotidianamente. Potrai anche prendere un traghetto o un treno che ti porti alle Cinque Terre, un parco nazionale che ospita cinque borghi pittoreschi che si affacciano sul Mediterraneo.<\/p>\n<\/div>\n<\/div>\n<\/div><\/div>\n<\/div><\/div>\n\n\n\n<div class=\"wp-block-group container-xxl py-5 mb-1\"><div class=\"wp-block-group__inner-container is-layout-constrained wp-block-group-is-layout-constrained\">\n<div class=\"wp-block-group container\"><div class=\"wp-block-group__inner-container is-layout-constrained wp-block-group-is-layout-constrained\">\n<h2 class=\"wp-block-heading\">Le Cinque Terre: Parco nazionale delle Cinque Terre<\/h2>\n\n\n\n<p id=\"lecinqueterre\">Le Cinque Terre sono un parco nazionale che ospita cinque borghi pittoreschi che si affacciano sul Mediterraneo: <strong>Riomaggiore<\/strong>, <strong>Manarola<\/strong>, <strong>Corniglia<\/strong>,<strong> Vernazza<\/strong> e <strong>Monterosso<\/strong>. Questa zona \u00e8 famosa per la sua bellezza naturale, la sua cultura e la sua gastronomia. <\/p>\n\n\n\n<p>Con<strong> l&#8217;inserimento <\/strong>nel 1997 <strong>delle Cinque Terre<\/strong> <strong>nella Lista<\/strong> dell&#8217;<strong>Unesco<\/strong> dei <strong>Patrimoni dell&#8217;Umanit\u00e0<\/strong> e soprattutto, con <strong>l&#8217;istituzione<\/strong> nel 1999 <strong>del Parco nazionale delle Cinque Terre<\/strong> si \u00e8 dato <strong>un impulso decisivo alla salvaguardia della zona<\/strong>.<\/p>\n\n\n\n<p>Un progetto di &#8220;<strong>turismo sostenibile<\/strong>&#8221; ha portato alla creazione in tutti i borghi dei &#8220;<strong>centri di accoglienza<\/strong>&#8221; e all&#8217;istituzione di una &#8220;<strong>carta servizi<\/strong>&#8221; che <strong>consente<\/strong> di <strong>utilizzare<\/strong> i <strong>mezzi di trasporto<\/strong>, come il treno o i pulmini elettrici del Parco, e <strong>l&#8217;accesso ai sentieri<\/strong>, alle<strong> aree attrezzate<\/strong>, ai <strong>centri di osservazione naturalistica<\/strong>.<\/p>\n\n\n\n<p>E dai cinque paesini arroccati sul mare, da dove iniziano e finiscono le escursioni e sicuramente sono anche posti ideali per rilassarsi passeggiando nei caruggi, oppure rifocillare gustando i tipici prodotti locali nei ristoranti e nelle botteghe.<\/p>\n\n\n\n<p>I cinque paesini si raggiungono meglio con la ferrovia perch\u00e9 le strade in generale sono strette e tortuose. Sono facilmente raggiungibili anche via mare permettendo un&#8217;altra esperienza di viaggio. <\/p>\n\n\n\n<p>Da La Spezia puoi acquistare il biglietto del treno per le Cinque Terre, che costa 16 euro e ti permette di fare viaggi illimitati tra i borghi per un giorno. Puoi anche acquistare la Cinque Terre Card, che costa 29 euro e include anche l\u2019accesso ai sentieri del parco e ai bus navetta.<\/p>\n<\/div><\/div>\n<\/div><\/div>\n\n\n\n<div class=\"wp-block-group container-xxl py-5 mb-2\"><div class=\"wp-block-group__inner-container is-layout-constrained wp-block-group-is-layout-constrained\">\n<div class=\"wp-block-group container\"><div class=\"wp-block-group__inner-container is-layout-constrained wp-block-group-is-layout-constrained\">\n<div class=\"wp-block-columns row align-items-center justify-content-between is-layout-flex wp-container-core-columns-is-layout-10 wp-block-columns-is-layout-flex\">\n<div class=\"wp-block-column col-lg-6 order-lg-2  mb-5 mb-lg-0 is-layout-flow wp-block-column-is-layout-flow\">\n<div class=\"wp-block-group image-stack mb-3 mb-lg-0\"><div class=\"wp-block-group__inner-container is-layout-constrained wp-block-group-is-layout-constrained\">\n<div class=\"wp-block-group image-stack__item image-stack__item--bottom is-nowrap is-layout-flex wp-container-core-group-is-layout-42 wp-block-group-is-layout-flex\">\n<figure class=\"wp-block-image size-full img-fluid rounded wow FadeIn\"><img loading=\"lazy\" decoding=\"async\" width=\"500\" height=\"457\" src=\"https:\/\/sipariosulgolfo.com\/wp-content\/uploads\/2023\/06\/riomaggiore.webp\" alt=\"\" class=\"wp-image-2821\" srcset=\"https:\/\/sipariowp.clauramial.opalstacked.com\/wp-content\/uploads\/2023\/06\/riomaggiore.webp 500w, https:\/\/sipariowp.clauramial.opalstacked.com\/wp-content\/uploads\/2023\/06\/riomaggiore-300x274.webp 300w, https:\/\/sipariowp.clauramial.opalstacked.com\/wp-content\/uploads\/2023\/06\/riomaggiore-13x12.webp 13w\" sizes=\"auto, (max-width: 500px) 100vw, 500px\" \/><\/figure>\n<\/div>\n\n\n\n<div class=\"wp-block-group image-stack__item image-stack__item--top\"><div class=\"wp-block-group__inner-container is-layout-constrained wp-block-group-is-layout-constrained\">\n<figure class=\"wp-block-image size-full\"><img loading=\"lazy\" decoding=\"async\" width=\"400\" height=\"400\" src=\"https:\/\/sipariosulgolfo.com\/wp-content\/uploads\/2023\/05\/barche-riomaggiore.webp\" alt=\"Riommagiore, uno scorcio\" class=\"wp-image-2537\" srcset=\"https:\/\/sipariowp.clauramial.opalstacked.com\/wp-content\/uploads\/2023\/05\/barche-riomaggiore.webp 400w, https:\/\/sipariowp.clauramial.opalstacked.com\/wp-content\/uploads\/2023\/05\/barche-riomaggiore-300x300.webp 300w, https:\/\/sipariowp.clauramial.opalstacked.com\/wp-content\/uploads\/2023\/05\/barche-riomaggiore-150x150.webp 150w, https:\/\/sipariowp.clauramial.opalstacked.com\/wp-content\/uploads\/2023\/05\/barche-riomaggiore-12x12.webp 12w\" sizes=\"auto, (max-width: 400px) 100vw, 400px\" \/><\/figure>\n<\/div><\/div>\n<\/div><\/div>\n<\/div>\n\n\n\n<div class=\"wp-block-column col-lg-4 order-lg-1 is-layout-flow wp-block-column-is-layout-flow\">\n<h3 class=\"wp-block-heading\">Riomaggiore<\/h3>\n\n\n\n<p id=\"riomaggiore\">Riomaggiore \u00e8 il primo borgo che incontrerai partendo da La Spezia. \u00c8 il pi\u00f9 grande e il pi\u00f9 popolato delle Cinque Terre, ed \u00e8 caratterizzato da case colorate che si arrampicano sulle rocce. Puoi passeggiare per il suo porticciolo, dove troverai barche da pesca e ristoranti dove assaggiare il pesce fresco. Puoi anche salire fino alla <strong>chiesa di San Giovanni Battista<\/strong>, che offre una bella vista sul borgo e sul mare. <\/p>\n\n\n\n<p>Sicuramente hai sentito parlare del famoso sentiero dell\u2019amore, che collega Riomaggiore a Manarola. Si tratta di un percorso facile e romantico, lungo circa un chilometro, che costeggia la scogliera e offre panorami mozzafiato. Come saprai o avrai sentito dire era stato chiuso ma di recente \u00e8 stato appena riaperto per un tratto di 160 mt, che parte da Riomaggiore.<\/p>\n<\/div>\n<\/div>\n<\/div><\/div>\n<\/div><\/div>\n\n\n\n<div class=\"wp-block-group container-xxl py-5 mb-3\"><div class=\"wp-block-group__inner-container is-layout-constrained wp-block-group-is-layout-constrained\">\n<div class=\"wp-block-group container\"><div class=\"wp-block-group__inner-container is-layout-constrained wp-block-group-is-layout-constrained\">\n<div class=\"wp-block-columns row align-items-center justify-content-between is-layout-flex wp-container-core-columns-is-layout-11 wp-block-columns-is-layout-flex\">\n<div class=\"wp-block-column col-lg-6 order-lg-1  mb-5 mb-lg-0 is-layout-flow wp-block-column-is-layout-flow\">\n<div class=\"wp-block-group image-stack mb-3 mb-lg-0\"><div class=\"wp-block-group__inner-container is-layout-constrained wp-block-group-is-layout-constrained\">\n<div class=\"wp-block-group image-stack__item image-stack__item--bottom is-nowrap is-layout-flex wp-container-core-group-is-layout-47 wp-block-group-is-layout-flex\">\n<figure class=\"wp-block-image size-full img-fluid rounded wow FadeIn\"><img loading=\"lazy\" decoding=\"async\" width=\"500\" height=\"343\" src=\"https:\/\/sipariosulgolfo.com\/wp-content\/uploads\/2023\/06\/manarola-vista-500-343.webp\" alt=\"\" class=\"wp-image-2825\" srcset=\"https:\/\/sipariowp.clauramial.opalstacked.com\/wp-content\/uploads\/2023\/06\/manarola-vista-500-343.webp 500w, https:\/\/sipariowp.clauramial.opalstacked.com\/wp-content\/uploads\/2023\/06\/manarola-vista-500-343-300x206.webp 300w, https:\/\/sipariowp.clauramial.opalstacked.com\/wp-content\/uploads\/2023\/06\/manarola-vista-500-343-18x12.webp 18w\" sizes=\"auto, (max-width: 500px) 100vw, 500px\" \/><\/figure>\n<\/div>\n\n\n\n<div class=\"wp-block-group image-stack__item image-stack__item--top\"><div class=\"wp-block-group__inner-container is-layout-constrained wp-block-group-is-layout-constrained\">\n<figure class=\"wp-block-image size-full\"><img loading=\"lazy\" decoding=\"async\" width=\"400\" height=\"400\" src=\"https:\/\/sipariosulgolfo.com\/wp-content\/uploads\/2023\/05\/barche-riomaggiore.webp\" alt=\"Riommagiore, uno scorcio\" class=\"wp-image-2537\" srcset=\"https:\/\/sipariowp.clauramial.opalstacked.com\/wp-content\/uploads\/2023\/05\/barche-riomaggiore.webp 400w, https:\/\/sipariowp.clauramial.opalstacked.com\/wp-content\/uploads\/2023\/05\/barche-riomaggiore-300x300.webp 300w, https:\/\/sipariowp.clauramial.opalstacked.com\/wp-content\/uploads\/2023\/05\/barche-riomaggiore-150x150.webp 150w, https:\/\/sipariowp.clauramial.opalstacked.com\/wp-content\/uploads\/2023\/05\/barche-riomaggiore-12x12.webp 12w\" sizes=\"auto, (max-width: 400px) 100vw, 400px\" \/><\/figure>\n<\/div><\/div>\n<\/div><\/div>\n<\/div>\n\n\n\n<div class=\"wp-block-column col-lg-4 order-lg-2 is-layout-flow wp-block-column-is-layout-flow\">\n<h3 class=\"wp-block-heading\">Manarola<\/h3>\n\n\n\n<p id=\"manarola\">Manarola \u00e8 il secondo borgo che incontrerai partendo da La Spezia. \u00c8 il pi\u00f9 antico e il pi\u00f9 fotogenico delle Cinque Terre, con le sue case color pastello che si affacciano sul mare. Puoi ammirare il suo paesaggio da diversi punti di vista, come il belvedere di Punta Bonfiglio o il cimitero di Manarola. Puoi anche visitare la <strong>chiesa di San Lorenzo<\/strong>, che conserva un presepe ligneo del XV secolo. <\/p>\n\n\n\n<p>Se ti piace il vino, puoi degustare il famoso Sciacchetr\u00e0, un vino dolce prodotto con uve passite, tipico delle Cinque Terre.<\/p>\n<\/div>\n<\/div>\n<\/div><\/div>\n<\/div><\/div>\n\n\n\n<div class=\"wp-block-group container-xxl py-5 mb-3\"><div class=\"wp-block-group__inner-container is-layout-constrained wp-block-group-is-layout-constrained\">\n<div class=\"wp-block-group container\"><div class=\"wp-block-group__inner-container is-layout-constrained wp-block-group-is-layout-constrained\">\n<div class=\"wp-block-columns row align-items-center justify-content-between is-layout-flex wp-container-core-columns-is-layout-12 wp-block-columns-is-layout-flex\">\n<div class=\"wp-block-column col-lg-6 order-lg-2  mb-5 mb-lg-0 is-layout-flow wp-block-column-is-layout-flow\">\n<div class=\"wp-block-group image-stack mb-3 mb-lg-0\"><div class=\"wp-block-group__inner-container is-layout-constrained wp-block-group-is-layout-constrained\">\n<div class=\"wp-block-group image-stack__item image-stack__item--bottom is-nowrap is-layout-flex wp-container-core-group-is-layout-52 wp-block-group-is-layout-flex\">\n<figure class=\"wp-block-image size-full img-fluid rounded wow FadeIn\"><img loading=\"lazy\" decoding=\"async\" width=\"500\" height=\"375\" src=\"https:\/\/sipariosulgolfo.com\/wp-content\/uploads\/2023\/06\/corniglia-vista.webp\" alt=\"\" class=\"wp-image-2830\" srcset=\"https:\/\/sipariowp.clauramial.opalstacked.com\/wp-content\/uploads\/2023\/06\/corniglia-vista.webp 500w, https:\/\/sipariowp.clauramial.opalstacked.com\/wp-content\/uploads\/2023\/06\/corniglia-vista-300x225.webp 300w, https:\/\/sipariowp.clauramial.opalstacked.com\/wp-content\/uploads\/2023\/06\/corniglia-vista-16x12.webp 16w\" sizes=\"auto, (max-width: 500px) 100vw, 500px\" \/><\/figure>\n<\/div>\n\n\n\n<div class=\"wp-block-group image-stack__item image-stack__item--top\"><div class=\"wp-block-group__inner-container is-layout-constrained wp-block-group-is-layout-constrained\">\n<figure class=\"wp-block-image size-full\"><img loading=\"lazy\" decoding=\"async\" width=\"400\" height=\"400\" src=\"https:\/\/sipariosulgolfo.com\/wp-content\/uploads\/2023\/05\/barche-riomaggiore.webp\" alt=\"Riommagiore, uno scorcio\" class=\"wp-image-2537\" srcset=\"https:\/\/sipariowp.clauramial.opalstacked.com\/wp-content\/uploads\/2023\/05\/barche-riomaggiore.webp 400w, https:\/\/sipariowp.clauramial.opalstacked.com\/wp-content\/uploads\/2023\/05\/barche-riomaggiore-300x300.webp 300w, https:\/\/sipariowp.clauramial.opalstacked.com\/wp-content\/uploads\/2023\/05\/barche-riomaggiore-150x150.webp 150w, https:\/\/sipariowp.clauramial.opalstacked.com\/wp-content\/uploads\/2023\/05\/barche-riomaggiore-12x12.webp 12w\" sizes=\"auto, (max-width: 400px) 100vw, 400px\" \/><\/figure>\n<\/div><\/div>\n<\/div><\/div>\n<\/div>\n\n\n\n<div class=\"wp-block-column col-lg-4 order-lg-1 is-layout-flow wp-block-column-is-layout-flow\">\n<h3 class=\"wp-block-heading\">Corniglia<\/h3>\n\n\n\n<p id=\"cornglia\">Corniglia \u00e8 il terzo borgo che incontrerai partendo da La Spezia. Corniglia \u00e8 l\u2019unico borgo che non ha accesso diretto al mare, ma si trova su una collina a 100 metri di altezza. <\/p>\n\n\n\n<p>Per raggiungerlo bisogna salire una scalinata di 377 gradini, ma ne vale la pena per la sua tranquillit\u00e0 e la sua vista panoramica .<\/p>\n<\/div>\n<\/div>\n<\/div><\/div>\n<\/div><\/div>\n\n\n\n<div class=\"wp-block-group container-xxl py-5 mb-3\"><div class=\"wp-block-group__inner-container is-layout-constrained wp-block-group-is-layout-constrained\">\n<div class=\"wp-block-group container\"><div class=\"wp-block-group__inner-container is-layout-constrained wp-block-group-is-layout-constrained\">\n<div class=\"wp-block-columns row align-items-center justify-content-between is-layout-flex wp-container-core-columns-is-layout-13 wp-block-columns-is-layout-flex\">\n<div class=\"wp-block-column col-lg-6 order-lg-1  mb-5 mb-lg-0 is-layout-flow wp-block-column-is-layout-flow\">\n<div class=\"wp-block-group image-stack mb-3 mb-lg-0\"><div class=\"wp-block-group__inner-container is-layout-constrained wp-block-group-is-layout-constrained\">\n<div class=\"wp-block-group image-stack__item image-stack__item--bottom is-nowrap is-layout-flex wp-container-core-group-is-layout-57 wp-block-group-is-layout-flex\">\n<figure class=\"wp-block-image size-full img-fluid rounded wow FadeIn\"><img loading=\"lazy\" decoding=\"async\" width=\"500\" height=\"314\" src=\"https:\/\/sipariosulgolfo.com\/wp-content\/uploads\/2023\/06\/cinque-terre-vernazza.webp\" alt=\"\" class=\"wp-image-2832\" srcset=\"https:\/\/sipariowp.clauramial.opalstacked.com\/wp-content\/uploads\/2023\/06\/cinque-terre-vernazza.webp 500w, https:\/\/sipariowp.clauramial.opalstacked.com\/wp-content\/uploads\/2023\/06\/cinque-terre-vernazza-300x188.webp 300w, https:\/\/sipariowp.clauramial.opalstacked.com\/wp-content\/uploads\/2023\/06\/cinque-terre-vernazza-18x12.webp 18w\" sizes=\"auto, (max-width: 500px) 100vw, 500px\" \/><\/figure>\n<\/div>\n\n\n\n<div class=\"wp-block-group image-stack__item image-stack__item--top\"><div class=\"wp-block-group__inner-container is-layout-constrained wp-block-group-is-layout-constrained\">\n<figure class=\"wp-block-image size-full\"><img loading=\"lazy\" decoding=\"async\" width=\"400\" height=\"400\" src=\"https:\/\/sipariosulgolfo.com\/wp-content\/uploads\/2023\/05\/barche-riomaggiore.webp\" alt=\"Riommagiore, uno scorcio\" class=\"wp-image-2537\" srcset=\"https:\/\/sipariowp.clauramial.opalstacked.com\/wp-content\/uploads\/2023\/05\/barche-riomaggiore.webp 400w, https:\/\/sipariowp.clauramial.opalstacked.com\/wp-content\/uploads\/2023\/05\/barche-riomaggiore-300x300.webp 300w, https:\/\/sipariowp.clauramial.opalstacked.com\/wp-content\/uploads\/2023\/05\/barche-riomaggiore-150x150.webp 150w, https:\/\/sipariowp.clauramial.opalstacked.com\/wp-content\/uploads\/2023\/05\/barche-riomaggiore-12x12.webp 12w\" sizes=\"auto, (max-width: 400px) 100vw, 400px\" \/><\/figure>\n<\/div><\/div>\n<\/div><\/div>\n<\/div>\n\n\n\n<div class=\"wp-block-column col-lg-4 order-lg-2 is-layout-flow wp-block-column-is-layout-flow\">\n<h3 class=\"wp-block-heading\">Vernazza<\/h3>\n\n\n\n<p id=\"vernazza\">Vernazza \u00e8 il quarto borgo che incontrerai partendo da La Spezia. \u00c8 considerato il pi\u00f9 bello e il pi\u00f9 caratteristico delle Cinque Terre, con il suo porto naturale circondato da case colorate e torri medievali. Puoi passeggiare per le sue stradine strette e animate, dove troverai negozi, bar e gelaterie. Puoi anche visitare la<strong> chiesa di Santa Margherita d\u2019Antiochia<\/strong>, che si affaccia sul mare con la sua facciata gotica e il suo campanile ottagonale. <\/p>\n\n\n\n<p>Se ti senti avventuroso, puoi salire fino al <strong>castello Doria<\/strong>, una fortezza del XV secolo che domina il borgo e offre una vista spettacolare.<\/p>\n<\/div>\n<\/div>\n<\/div><\/div>\n<\/div><\/div>\n\n\n\n<div class=\"wp-block-group container-xxl py-5 mb-3\"><div class=\"wp-block-group__inner-container is-layout-constrained wp-block-group-is-layout-constrained\">\n<div class=\"wp-block-group container\"><div class=\"wp-block-group__inner-container is-layout-constrained wp-block-group-is-layout-constrained\">\n<div class=\"wp-block-columns row align-items-center justify-content-between is-layout-flex wp-container-core-columns-is-layout-14 wp-block-columns-is-layout-flex\">\n<div class=\"wp-block-column col-lg-6 order-lg-2  mb-5 mb-lg-0 is-layout-flow wp-block-column-is-layout-flow\">\n<div class=\"wp-block-group image-stack mb-3 mb-lg-0\"><div class=\"wp-block-group__inner-container is-layout-constrained wp-block-group-is-layout-constrained\">\n<div class=\"wp-block-group image-stack__item image-stack__item--bottom is-nowrap is-layout-flex wp-container-core-group-is-layout-62 wp-block-group-is-layout-flex\">\n<figure class=\"wp-block-image size-full img-fluid rounded wow FadeIn\"><img loading=\"lazy\" decoding=\"async\" width=\"560\" height=\"373\" src=\"https:\/\/sipariosulgolfo.com\/wp-content\/uploads\/2023\/06\/cinque-terre-monterosso.webp\" alt=\"\" class=\"wp-image-2834\" srcset=\"https:\/\/sipariowp.clauramial.opalstacked.com\/wp-content\/uploads\/2023\/06\/cinque-terre-monterosso.webp 560w, https:\/\/sipariowp.clauramial.opalstacked.com\/wp-content\/uploads\/2023\/06\/cinque-terre-monterosso-300x200.webp 300w, https:\/\/sipariowp.clauramial.opalstacked.com\/wp-content\/uploads\/2023\/06\/cinque-terre-monterosso-18x12.webp 18w\" sizes=\"auto, (max-width: 560px) 100vw, 560px\" \/><\/figure>\n<\/div>\n\n\n\n<div class=\"wp-block-group image-stack__item image-stack__item--top\"><div class=\"wp-block-group__inner-container is-layout-constrained wp-block-group-is-layout-constrained\">\n<figure class=\"wp-block-image size-full\"><img loading=\"lazy\" decoding=\"async\" width=\"560\" height=\"373\" src=\"https:\/\/sipariosulgolfo.com\/wp-content\/uploads\/2023\/06\/cinque-terre-monterosso.webp\" alt=\"\" class=\"wp-image-2834\" srcset=\"https:\/\/sipariowp.clauramial.opalstacked.com\/wp-content\/uploads\/2023\/06\/cinque-terre-monterosso.webp 560w, https:\/\/sipariowp.clauramial.opalstacked.com\/wp-content\/uploads\/2023\/06\/cinque-terre-monterosso-300x200.webp 300w, https:\/\/sipariowp.clauramial.opalstacked.com\/wp-content\/uploads\/2023\/06\/cinque-terre-monterosso-18x12.webp 18w\" sizes=\"auto, (max-width: 560px) 100vw, 560px\" \/><\/figure>\n<\/div><\/div>\n<\/div><\/div>\n<\/div>\n\n\n\n<div class=\"wp-block-column col-lg-4 order-lg-1 is-layout-flow wp-block-column-is-layout-flow\">\n<h3 class=\"wp-block-heading\">Monterosso<\/h3>\n\n\n\n<p id=\"monterosso\">Monterosso \u00e8 l\u2019ultimo borgo che incontrerai partendo da La Spezia. \u00c8 il pi\u00f9 grande e il pi\u00f9 turistico delle Cinque Terre, ed \u00e8 <strong>l\u2019unico che ha una spiaggia di sabbia<\/strong> dove potersi rilassare al sole o fare un bagno nel mare. Puoi anche visitare il centro storico, dove troverai la <strong>chiesa di San Giovanni Battista<\/strong>, con la sua facciata a strisce bianche e nere, e il <strong>convento dei Cappuccini<\/strong>, che ospita il museo d\u2019arte moderna. <\/p>\n\n\n\n<p>Se ti piace camminare, puoi percorrere il sentiero blu, che collega Monterosso a Vernazza. Si tratta di un percorso medio-difficile, lungo circa 3,5 chilometri, che offre paesaggi meravigliosi. Il sentiero \u00e8 aperto tutto l\u2019anno, tranne in caso di maltempo o manutenzione, e richiede l\u2019acquisto di un biglietto speciale che costa 7,50 euro al giorno.<\/p>\n<\/div>\n<\/div>\n<\/div><\/div>\n<\/div><\/div>\n\n\n\n<div class=\"wp-block-group container-xxl py-5 mb-1\"><div class=\"wp-block-group__inner-container is-layout-constrained wp-block-group-is-layout-constrained\">\n<div class=\"wp-block-group container\"><div class=\"wp-block-group__inner-container is-layout-constrained wp-block-group-is-layout-constrained\">\n<h2 class=\"wp-block-heading\">Portovenere<\/h2>\n\n\n\n<p><a href=\"http:\/\/www.parconaturaleportovenere.it\/i-paesi-porto-venere-le-grazie-fezzano\/\" target=\"_blank\" rel=\"noreferrer noopener\">PortoVenere<\/a> \u00e8 una bellissima localit\u00e0 della Liguria, situata all\u2019estremit\u00e0 del Golfo dei Poeti. \u00c8 famosa per il suo paesaggio mozzafiato, il suo <a href=\"http:\/\/www.parconaturaleportovenere.it\/i-criteri\/\" target=\"_blank\" rel=\"noreferrer noopener\">patrimonio<\/a> storico e artistico e la sua vicinanza alle Cinque Terre. Ci sono molte cose da vedere a PortoVenere, sia nel suo centro storico che nei suoi dintorni. Ecco alcune delle principali attrazioni che puoi visitare:<\/p>\n<\/div><\/div>\n<\/div><\/div>\n\n\n\n<div class=\"wp-block-group container-xxl py-5 mb-3\"><div class=\"wp-block-group__inner-container is-layout-constrained wp-block-group-is-layout-constrained\">\n<div class=\"wp-block-group container\"><div class=\"wp-block-group__inner-container is-layout-constrained wp-block-group-is-layout-constrained\">\n<div class=\"wp-block-columns row align-items-center justify-content-between is-layout-flex wp-container-core-columns-is-layout-15 wp-block-columns-is-layout-flex\">\n<div class=\"wp-block-column col-lg-6 order-lg-1  mb-5 mb-lg-0 is-layout-flow wp-block-column-is-layout-flow\">\n<div class=\"wp-block-group image-stack mb-3 mb-lg-0\"><div class=\"wp-block-group__inner-container is-layout-constrained wp-block-group-is-layout-constrained\">\n<div class=\"wp-block-group image-stack__item image-stack__item--bottom is-nowrap is-layout-flex wp-container-core-group-is-layout-69 wp-block-group-is-layout-flex\">\n<figure class=\"wp-block-image size-full img-fluid rounded wow FadeIn\"><img loading=\"lazy\" decoding=\"async\" width=\"500\" height=\"375\" src=\"https:\/\/sipariosulgolfo.com\/wp-content\/uploads\/2023\/06\/portovenere-porticciolo.webp\" alt=\"\" class=\"wp-image-2840\" srcset=\"https:\/\/sipariowp.clauramial.opalstacked.com\/wp-content\/uploads\/2023\/06\/portovenere-porticciolo.webp 500w, https:\/\/sipariowp.clauramial.opalstacked.com\/wp-content\/uploads\/2023\/06\/portovenere-porticciolo-300x225.webp 300w, https:\/\/sipariowp.clauramial.opalstacked.com\/wp-content\/uploads\/2023\/06\/portovenere-porticciolo-16x12.webp 16w\" sizes=\"auto, (max-width: 500px) 100vw, 500px\" \/><\/figure>\n<\/div>\n\n\n\n<div class=\"wp-block-group image-stack__item image-stack__item--top\"><div class=\"wp-block-group__inner-container is-layout-constrained wp-block-group-is-layout-constrained\">\n<figure class=\"wp-block-image size-full\"><img loading=\"lazy\" decoding=\"async\" width=\"560\" height=\"373\" src=\"https:\/\/sipariosulgolfo.com\/wp-content\/uploads\/2023\/06\/cinque-terre-monterosso.webp\" alt=\"\" class=\"wp-image-2834\" srcset=\"https:\/\/sipariowp.clauramial.opalstacked.com\/wp-content\/uploads\/2023\/06\/cinque-terre-monterosso.webp 560w, https:\/\/sipariowp.clauramial.opalstacked.com\/wp-content\/uploads\/2023\/06\/cinque-terre-monterosso-300x200.webp 300w, https:\/\/sipariowp.clauramial.opalstacked.com\/wp-content\/uploads\/2023\/06\/cinque-terre-monterosso-18x12.webp 18w\" sizes=\"auto, (max-width: 560px) 100vw, 560px\" \/><\/figure>\n<\/div><\/div>\n<\/div><\/div>\n<\/div>\n\n\n\n<div class=\"wp-block-column col-lg-4 order-lg-2 is-layout-flow wp-block-column-is-layout-flow\">\n<h3 class=\"wp-block-heading\"><strong>Il centro storico e la Palazzata<\/strong><\/h3>\n\n\n\n<p>Il centro storico di PortoVenere \u00e8 un labirinto di viuzze strette e colorate, dove potrai scoprire negozi, botteghe e ristoranti tipici. Il simbolo del centro storico \u00e8 la <strong>Palazzata<\/strong>, una fila di case-torri che si affacciano sul porticciolo, con le loro facciate dipinte di rosso, giallo e arancione. La Palazzata risale al XIII secolo ed \u00e8 stata dichiarata Patrimonio dell\u2019Umanit\u00e0 dall\u2019UNESCO.<\/p>\n\n\n\n<p>Se ti piace camminare, puoi percorrere il sentiero blu, che collega Monterosso a Vernazza. Si tratta di un percorso medio-difficile, lungo circa 3,5 chilometri, che offre paesaggi meravigliosi. Il sentiero \u00e8 aperto tutto l\u2019anno, tranne in caso di maltempo o manutenzione, e richiede l\u2019acquisto di un biglietto speciale che costa 7,50 euro al giorno.<\/p>\n<\/div>\n<\/div>\n<\/div><\/div>\n<\/div><\/div>\n\n\n\n<div class=\"wp-block-group container-xxl py-5 mb-3\"><div class=\"wp-block-group__inner-container is-layout-constrained wp-block-group-is-layout-constrained\">\n<div class=\"wp-block-group container\"><div class=\"wp-block-group__inner-container is-layout-constrained wp-block-group-is-layout-constrained\">\n<div class=\"wp-block-columns row align-items-center justify-content-between is-layout-flex wp-container-core-columns-is-layout-16 wp-block-columns-is-layout-flex\">\n<div class=\"wp-block-column col-lg-6 order-lg-1  mb-5 mb-lg-0 is-layout-flow wp-block-column-is-layout-flow\">\n<div class=\"wp-block-group image-stack mb-3 mb-lg-0\"><div class=\"wp-block-group__inner-container is-layout-constrained wp-block-group-is-layout-constrained\">\n<div class=\"wp-block-group image-stack__item image-stack__item--bottom is-nowrap is-layout-flex wp-container-core-group-is-layout-74 wp-block-group-is-layout-flex\">\n<figure class=\"wp-block-image size-full img-fluid rounded wow FadeIn\"><img loading=\"lazy\" decoding=\"async\" width=\"560\" height=\"373\" src=\"https:\/\/sipariosulgolfo.com\/wp-content\/uploads\/2023\/06\/cinque-terre-portovenere-chiesa-vista.webp\" alt=\"\" class=\"wp-image-2841\" srcset=\"https:\/\/sipariowp.clauramial.opalstacked.com\/wp-content\/uploads\/2023\/06\/cinque-terre-portovenere-chiesa-vista.webp 560w, https:\/\/sipariowp.clauramial.opalstacked.com\/wp-content\/uploads\/2023\/06\/cinque-terre-portovenere-chiesa-vista-300x200.webp 300w, https:\/\/sipariowp.clauramial.opalstacked.com\/wp-content\/uploads\/2023\/06\/cinque-terre-portovenere-chiesa-vista-18x12.webp 18w\" sizes=\"auto, (max-width: 560px) 100vw, 560px\" \/><\/figure>\n<\/div>\n\n\n\n<div class=\"wp-block-group image-stack__item image-stack__item--top\"><div class=\"wp-block-group__inner-container is-layout-constrained wp-block-group-is-layout-constrained\">\n<figure class=\"wp-block-image size-full\"><img loading=\"lazy\" decoding=\"async\" width=\"560\" height=\"373\" src=\"https:\/\/sipariosulgolfo.com\/wp-content\/uploads\/2023\/06\/cinque-terre-monterosso.webp\" alt=\"\" class=\"wp-image-2834\" srcset=\"https:\/\/sipariowp.clauramial.opalstacked.com\/wp-content\/uploads\/2023\/06\/cinque-terre-monterosso.webp 560w, https:\/\/sipariowp.clauramial.opalstacked.com\/wp-content\/uploads\/2023\/06\/cinque-terre-monterosso-300x200.webp 300w, https:\/\/sipariowp.clauramial.opalstacked.com\/wp-content\/uploads\/2023\/06\/cinque-terre-monterosso-18x12.webp 18w\" sizes=\"auto, (max-width: 560px) 100vw, 560px\" \/><\/figure>\n<\/div><\/div>\n<\/div><\/div>\n<\/div>\n\n\n\n<div class=\"wp-block-column col-lg-4 order-lg-2 is-layout-flow wp-block-column-is-layout-flow\">\n<h3 class=\"wp-block-heading\"><strong><strong>La chiesa e la loggia di San Pi<\/strong><\/strong>etro<\/h3>\n\n\n\n<p>La <a href=\"http:\/\/www.parconaturaleportovenere.it\/le-chiese\/\" rel=\"nofollow\" title=\"Gaurda le chiese di Portovenere\">chiesa di San Pietro<\/a> \u00e8 una delle chiese pi\u00f9 suggestive della Liguria, situata sulla punta del promontorio di <a href=\"http:\/\/www.parconaturaleportovenere.it\/\" target=\"_blank\" rel=\"noopener nofollow\" title=\"\">PortoVenere<\/a>. La chiesa fu costruita nel XIII secolo sulle rovine di un antico tempio dedicato a Venere. Ha una facciata a strisce bianche e nere in stile gotico-genovese e un interno semplice e austero. <\/p>\n\n\n\n<p>Accanto alla chiesa si trova la <strong>loggia di San Pietro<\/strong>, una terrazza panoramica che offre una vista spettacolare sul mare e sulle isole Palmaria, Tino e Tinetto.<\/p>\n<\/div>\n<\/div>\n<\/div><\/div>\n<\/div><\/div>\n\n\n\n<div class=\"wp-block-group container-xxl py-5 mb-3\"><div class=\"wp-block-group__inner-container is-layout-constrained wp-block-group-is-layout-constrained\">\n<div class=\"wp-block-group container\"><div class=\"wp-block-group__inner-container is-layout-constrained wp-block-group-is-layout-constrained\">\n<div class=\"wp-block-columns row align-items-center justify-content-between is-layout-flex wp-container-core-columns-is-layout-17 wp-block-columns-is-layout-flex\">\n<div class=\"wp-block-column col-lg-6 order-lg-1  mb-5 mb-lg-0 is-layout-flow wp-block-column-is-layout-flow\">\n<div class=\"wp-block-group image-stack mb-3 mb-lg-0\"><div class=\"wp-block-group__inner-container is-layout-constrained wp-block-group-is-layout-constrained\">\n<div class=\"wp-block-group image-stack__item image-stack__item--bottom is-nowrap is-layout-flex wp-container-core-group-is-layout-79 wp-block-group-is-layout-flex\">\n<figure class=\"wp-block-image size-full img-fluid rounded wow FadeIn\"><img loading=\"lazy\" decoding=\"async\" width=\"560\" height=\"375\" src=\"https:\/\/sipariosulgolfo.com\/wp-content\/uploads\/2023\/06\/castello-doria-portovenere.webp\" alt=\"\" class=\"wp-image-2845\" srcset=\"https:\/\/sipariowp.clauramial.opalstacked.com\/wp-content\/uploads\/2023\/06\/castello-doria-portovenere.webp 560w, https:\/\/sipariowp.clauramial.opalstacked.com\/wp-content\/uploads\/2023\/06\/castello-doria-portovenere-300x201.webp 300w, https:\/\/sipariowp.clauramial.opalstacked.com\/wp-content\/uploads\/2023\/06\/castello-doria-portovenere-18x12.webp 18w\" sizes=\"auto, (max-width: 560px) 100vw, 560px\" \/><\/figure>\n<\/div>\n\n\n\n<div class=\"wp-block-group image-stack__item image-stack__item--top\"><div class=\"wp-block-group__inner-container is-layout-constrained wp-block-group-is-layout-constrained\">\n<figure class=\"wp-block-image size-full\"><img loading=\"lazy\" decoding=\"async\" width=\"560\" height=\"373\" src=\"https:\/\/sipariosulgolfo.com\/wp-content\/uploads\/2023\/06\/cinque-terre-monterosso.webp\" alt=\"\" class=\"wp-image-2834\" srcset=\"https:\/\/sipariowp.clauramial.opalstacked.com\/wp-content\/uploads\/2023\/06\/cinque-terre-monterosso.webp 560w, https:\/\/sipariowp.clauramial.opalstacked.com\/wp-content\/uploads\/2023\/06\/cinque-terre-monterosso-300x200.webp 300w, https:\/\/sipariowp.clauramial.opalstacked.com\/wp-content\/uploads\/2023\/06\/cinque-terre-monterosso-18x12.webp 18w\" sizes=\"auto, (max-width: 560px) 100vw, 560px\" \/><\/figure>\n<\/div><\/div>\n<\/div><\/div>\n<\/div>\n\n\n\n<div class=\"wp-block-column col-lg-4 order-lg-2 is-layout-flow wp-block-column-is-layout-flow\">\n<h3 class=\"wp-block-heading\">Il castello Doria<\/h3>\n\n\n\n<p>Il <a href=\"http:\/\/www.parconaturaleportovenere.it\/castello-doria-di-porto-venere\/\" target=\"_blank\" rel=\"noopener nofollow\" title=\"Visita per maggiori informazioni sul castello Doria\">castello Doria<\/a> \u00e8 una fortezza imponente che domina il borgo di PortoVenere dall\u2019alto. Il castello fu costruito tra il XII e il XIV secolo, come difesa contro le invasioni dei pirati e dei nemici della Repubblica di Genova. Il castello ha una pianta quadrangolare con quattro torri angolari e un mastio centrale. <\/p>\n\n\n\n<p>All\u2019interno potrai visitare il museo archeologico, che espone reperti provenienti dalle isole del Golfo dei Poeti. Dal castello potrai godere di una vista mozzafiato sul borgo, sul mare e sulle Cinque Terre.<\/p>\n<\/div>\n<\/div>\n<\/div><\/div>\n<\/div><\/div>\n\n\n\n<div class=\"wp-block-group container-xxl py-5 mb-3\"><div class=\"wp-block-group__inner-container is-layout-constrained wp-block-group-is-layout-constrained\">\n<div class=\"wp-block-group container\"><div class=\"wp-block-group__inner-container is-layout-constrained wp-block-group-is-layout-constrained\">\n<div class=\"wp-block-columns row align-items-center justify-content-between is-layout-flex wp-container-core-columns-is-layout-18 wp-block-columns-is-layout-flex\">\n<div class=\"wp-block-column col-lg-6 order-lg-1  mb-5 mb-lg-0 is-layout-flow wp-block-column-is-layout-flow\">\n<div class=\"wp-block-group image-stack mb-3 mb-lg-0\"><div class=\"wp-block-group__inner-container is-layout-constrained wp-block-group-is-layout-constrained\">\n<div class=\"wp-block-group image-stack__item image-stack__item--bottom is-nowrap is-layout-flex wp-container-core-group-is-layout-84 wp-block-group-is-layout-flex\">\n<figure class=\"wp-block-image size-full img-fluid rounded wow FadeIn\"><img loading=\"lazy\" decoding=\"async\" width=\"560\" height=\"375\" src=\"https:\/\/sipariosulgolfo.com\/wp-content\/uploads\/2023\/06\/castello-doria-portovenere.webp\" alt=\"\" class=\"wp-image-2845\" srcset=\"https:\/\/sipariowp.clauramial.opalstacked.com\/wp-content\/uploads\/2023\/06\/castello-doria-portovenere.webp 560w, https:\/\/sipariowp.clauramial.opalstacked.com\/wp-content\/uploads\/2023\/06\/castello-doria-portovenere-300x201.webp 300w, https:\/\/sipariowp.clauramial.opalstacked.com\/wp-content\/uploads\/2023\/06\/castello-doria-portovenere-18x12.webp 18w\" sizes=\"auto, (max-width: 560px) 100vw, 560px\" \/><\/figure>\n<\/div>\n\n\n\n<div class=\"wp-block-group image-stack__item image-stack__item--top\"><div class=\"wp-block-group__inner-container is-layout-constrained wp-block-group-is-layout-constrained\">\n<figure class=\"wp-block-image size-full\"><img loading=\"lazy\" decoding=\"async\" width=\"560\" height=\"373\" src=\"https:\/\/sipariosulgolfo.com\/wp-content\/uploads\/2023\/06\/cinque-terre-monterosso.webp\" alt=\"\" class=\"wp-image-2834\" srcset=\"https:\/\/sipariowp.clauramial.opalstacked.com\/wp-content\/uploads\/2023\/06\/cinque-terre-monterosso.webp 560w, https:\/\/sipariowp.clauramial.opalstacked.com\/wp-content\/uploads\/2023\/06\/cinque-terre-monterosso-300x200.webp 300w, https:\/\/sipariowp.clauramial.opalstacked.com\/wp-content\/uploads\/2023\/06\/cinque-terre-monterosso-18x12.webp 18w\" sizes=\"auto, (max-width: 560px) 100vw, 560px\" \/><\/figure>\n<\/div><\/div>\n<\/div><\/div>\n<\/div>\n\n\n\n<div class=\"wp-block-column col-lg-4 order-lg-2 is-layout-flow wp-block-column-is-layout-flow\">\n<h3 class=\"wp-block-heading\"><strong>La Grotta di Byron<\/strong><\/h3>\n\n\n\n<p>Questa \u00e8 una grotta marina che si trova sotto la chiesa di San Pietro, raggiungibile solo via mare o a nuoto. La grotta deve il suo nome al poeta inglese Lord Byron, che la frequentava spesso durante i suoi soggiorni nel Golfo dei Poeti. Si dice che Byron nuotasse dalla grotta fino alla vicina localit\u00e0 di San Terenzo, dove abitava il suo amico Shelley. <\/p>\n\n\n\n<p>La grotta \u00e8 un luogo suggestivo e romantico, dove potrai ammirare i riflessi dell\u2019acqua sulle pareti rocciose.<\/p>\n\n\n\n<p>Non rimanere senza fare un tuffo rinfrescante nella Grotta di Byron!<\/p>\n<\/div>\n<\/div>\n<\/div><\/div>\n<\/div><\/div>\n\n\n\n<div class=\"wp-block-group container-xxl py-5 mb-3\"><div class=\"wp-block-group__inner-container is-layout-constrained wp-block-group-is-layout-constrained\">\n<div class=\"wp-block-group container\"><div class=\"wp-block-group__inner-container is-layout-constrained wp-block-group-is-layout-constrained\">\n<div class=\"wp-block-columns row align-items-center justify-content-between is-layout-flex wp-container-core-columns-is-layout-19 wp-block-columns-is-layout-flex\">\n<div class=\"wp-block-column col-lg-6 order-lg-1  mb-5 mb-lg-0 is-layout-flow wp-block-column-is-layout-flow\">\n<div class=\"wp-block-group image-stack mb-3 mb-lg-0\"><div class=\"wp-block-group__inner-container is-layout-constrained wp-block-group-is-layout-constrained\">\n<div class=\"wp-block-group image-stack__item image-stack__item--bottom is-nowrap is-layout-flex wp-container-core-group-is-layout-89 wp-block-group-is-layout-flex\">\n<figure class=\"wp-block-image size-full img-fluid rounded wow FadeIn\"><img loading=\"lazy\" decoding=\"async\" width=\"560\" height=\"375\" src=\"https:\/\/sipariosulgolfo.com\/wp-content\/uploads\/2023\/06\/castello-doria-portovenere.webp\" alt=\"\" class=\"wp-image-2845\" srcset=\"https:\/\/sipariowp.clauramial.opalstacked.com\/wp-content\/uploads\/2023\/06\/castello-doria-portovenere.webp 560w, https:\/\/sipariowp.clauramial.opalstacked.com\/wp-content\/uploads\/2023\/06\/castello-doria-portovenere-300x201.webp 300w, https:\/\/sipariowp.clauramial.opalstacked.com\/wp-content\/uploads\/2023\/06\/castello-doria-portovenere-18x12.webp 18w\" sizes=\"auto, (max-width: 560px) 100vw, 560px\" \/><\/figure>\n<\/div>\n\n\n\n<div class=\"wp-block-group image-stack__item image-stack__item--top\"><div class=\"wp-block-group__inner-container is-layout-constrained wp-block-group-is-layout-constrained\">\n<figure class=\"wp-block-image size-full\"><img loading=\"lazy\" decoding=\"async\" width=\"560\" height=\"373\" src=\"https:\/\/sipariosulgolfo.com\/wp-content\/uploads\/2023\/06\/cinque-terre-monterosso.webp\" alt=\"\" class=\"wp-image-2834\" srcset=\"https:\/\/sipariowp.clauramial.opalstacked.com\/wp-content\/uploads\/2023\/06\/cinque-terre-monterosso.webp 560w, https:\/\/sipariowp.clauramial.opalstacked.com\/wp-content\/uploads\/2023\/06\/cinque-terre-monterosso-300x200.webp 300w, https:\/\/sipariowp.clauramial.opalstacked.com\/wp-content\/uploads\/2023\/06\/cinque-terre-monterosso-18x12.webp 18w\" sizes=\"auto, (max-width: 560px) 100vw, 560px\" \/><\/figure>\n<\/div><\/div>\n<\/div><\/div>\n<\/div>\n\n\n\n<div class=\"wp-block-column col-lg-4 order-lg-2 is-layout-flow wp-block-column-is-layout-flow\">\n<h3 class=\"wp-block-heading\"><strong><strong>Parco Naturale Regionale di PortoVenere<\/strong><\/strong><\/h3>\n\n\n\n<p>Il Parco Naturale Regionale di PortoVenere \u00e8 un luogo di grande valore naturalistico, caratterizzato da una combinazione unica di paesaggi costieri, scogliere, insenature e vegetazione mediterranea. <\/p>\n\n\n\n<p>Una delle caratteristiche pi\u00f9 iconiche del parco \u00e8 il borgo di PortoVenere, che si affaccia sul Golfo dei Poeti. Oltre a PortoVenere, il parco comprende anche l&#8217;isola di Palmaria, l&#8217;isola di Tino e l&#8217;isola di Tinetto. Queste isole sono accessibili in barca e offrono la possibilit\u00e0 di esplorare ulteriormente l&#8217;ambiente naturale del parco.<\/p>\n\n\n\n<p>La flora del Parco di PortoVenere \u00e8 tipica della macchia mediterranea, con specie come il pino marittimo, il leccio, l&#8217;olivastro e il mirto. Molte di queste piante si trovano sulle scogliere e sui pendii delle colline, creando un paesaggio suggestivo.<\/p>\n\n\n\n<p>Dal punto di vista faunistico, il parco ospita diverse specie di uccelli, tra cui il gabbiano reale, il falco pellegrino e l&#8217;upupa. Nelle acque del parco si possono incontrare delfini, balene e altre specie marine.<\/p>\n<\/div>\n<\/div>\n<\/div><\/div>\n<\/div><\/div>\n\n\n\n<div class=\"wp-block-group container-xxl py-5 mb-3\"><div class=\"wp-block-group__inner-container is-layout-constrained wp-block-group-is-layout-constrained\">\n<div class=\"wp-block-group container\"><div class=\"wp-block-group__inner-container is-layout-constrained wp-block-group-is-layout-constrained\">\n<div class=\"wp-block-columns row align-items-center justify-content-between is-layout-flex wp-container-core-columns-is-layout-20 wp-block-columns-is-layout-flex\">\n<div class=\"wp-block-column col-lg-6 order-lg-1  mb-5 mb-lg-0 is-layout-flow wp-block-column-is-layout-flow\">\n<div class=\"wp-block-group image-stack mb-3 mb-lg-0\"><div class=\"wp-block-group__inner-container is-layout-constrained wp-block-group-is-layout-constrained\">\n<div class=\"wp-block-group image-stack__item image-stack__item--bottom is-nowrap is-layout-flex wp-container-core-group-is-layout-94 wp-block-group-is-layout-flex\">\n<figure class=\"wp-block-image size-full img-fluid rounded wow FadeIn\"><img loading=\"lazy\" decoding=\"async\" width=\"560\" height=\"375\" src=\"https:\/\/sipariosulgolfo.com\/wp-content\/uploads\/2023\/06\/castello-doria-portovenere.webp\" alt=\"\" class=\"wp-image-2845\" srcset=\"https:\/\/sipariowp.clauramial.opalstacked.com\/wp-content\/uploads\/2023\/06\/castello-doria-portovenere.webp 560w, https:\/\/sipariowp.clauramial.opalstacked.com\/wp-content\/uploads\/2023\/06\/castello-doria-portovenere-300x201.webp 300w, https:\/\/sipariowp.clauramial.opalstacked.com\/wp-content\/uploads\/2023\/06\/castello-doria-portovenere-18x12.webp 18w\" sizes=\"auto, (max-width: 560px) 100vw, 560px\" \/><\/figure>\n<\/div>\n\n\n\n<div class=\"wp-block-group image-stack__item image-stack__item--top\"><div class=\"wp-block-group__inner-container is-layout-constrained wp-block-group-is-layout-constrained\">\n<figure class=\"wp-block-image size-full\"><img loading=\"lazy\" decoding=\"async\" width=\"560\" height=\"373\" src=\"https:\/\/sipariosulgolfo.com\/wp-content\/uploads\/2023\/06\/cinque-terre-monterosso.webp\" alt=\"\" class=\"wp-image-2834\" srcset=\"https:\/\/sipariowp.clauramial.opalstacked.com\/wp-content\/uploads\/2023\/06\/cinque-terre-monterosso.webp 560w, https:\/\/sipariowp.clauramial.opalstacked.com\/wp-content\/uploads\/2023\/06\/cinque-terre-monterosso-300x200.webp 300w, https:\/\/sipariowp.clauramial.opalstacked.com\/wp-content\/uploads\/2023\/06\/cinque-terre-monterosso-18x12.webp 18w\" sizes=\"auto, (max-width: 560px) 100vw, 560px\" \/><\/figure>\n<\/div><\/div>\n<\/div><\/div>\n<\/div>\n\n\n\n<div class=\"wp-block-column col-lg-4 order-lg-2 is-layout-flow wp-block-column-is-layout-flow\">\n<h3 class=\"wp-block-heading\"><strong><strong><strong>Vai in spiaggia<\/strong><\/strong><\/strong><\/h3>\n\n\n\n<p>PortoVenere ha diverse spiagge dove poterti rilassare al sole o fare un bagno nel mare cristallino. La spiaggia pi\u00f9 famosa \u00e8 quella di <strong>Porto Venere<\/strong>, situata davanti alla Palazzata. Si tratta di una spiaggia di ciottoli con un\u2019acqua limpida e trasparente. Altre spiagge sono quelle di <strong>Olivo<\/strong>, <strong>Arenella<\/strong> e <strong>Le Grazie<\/strong>, che si trovano lungo la costa verso La Spezia. Se preferisci una spiaggia di sabbia, puoi raggiungere quella di <strong>Monterosso<\/strong>, che \u00e8 la pi\u00f9 grande e la pi\u00f9 attrezzata delle Cinque Terre.<\/p>\n<\/div>\n<\/div>\n<\/div><\/div>\n<\/div><\/div>\n\n\n\n<div class=\"wp-block-group container-xxl py-5 mb-3\"><div class=\"wp-block-group__inner-container is-layout-constrained wp-block-group-is-layout-constrained\">\n<div class=\"wp-block-group container\"><div class=\"wp-block-group__inner-container is-layout-constrained wp-block-group-is-layout-constrained\">\n<div class=\"wp-block-columns row align-items-center justify-content-between is-layout-flex wp-container-core-columns-is-layout-21 wp-block-columns-is-layout-flex\">\n<div class=\"wp-block-column col-lg-6 order-lg-1  mb-5 mb-lg-0 is-layout-flow wp-block-column-is-layout-flow\">\n<div class=\"wp-block-group image-stack mb-3 mb-lg-0\"><div class=\"wp-block-group__inner-container is-layout-constrained wp-block-group-is-layout-constrained\">\n<div class=\"wp-block-group image-stack__item image-stack__item--bottom is-nowrap is-layout-flex wp-container-core-group-is-layout-99 wp-block-group-is-layout-flex\">\n<figure class=\"wp-block-image size-full img-fluid rounded wow FadeIn\"><img loading=\"lazy\" decoding=\"async\" width=\"560\" height=\"375\" src=\"https:\/\/sipariosulgolfo.com\/wp-content\/uploads\/2023\/06\/castello-doria-portovenere.webp\" alt=\"\" class=\"wp-image-2845\" srcset=\"https:\/\/sipariowp.clauramial.opalstacked.com\/wp-content\/uploads\/2023\/06\/castello-doria-portovenere.webp 560w, https:\/\/sipariowp.clauramial.opalstacked.com\/wp-content\/uploads\/2023\/06\/castello-doria-portovenere-300x201.webp 300w, https:\/\/sipariowp.clauramial.opalstacked.com\/wp-content\/uploads\/2023\/06\/castello-doria-portovenere-18x12.webp 18w\" sizes=\"auto, (max-width: 560px) 100vw, 560px\" \/><\/figure>\n<\/div>\n\n\n\n<div class=\"wp-block-group image-stack__item image-stack__item--top\"><div class=\"wp-block-group__inner-container is-layout-constrained wp-block-group-is-layout-constrained\">\n<figure class=\"wp-block-image size-full\"><img loading=\"lazy\" decoding=\"async\" width=\"560\" height=\"373\" src=\"https:\/\/sipariosulgolfo.com\/wp-content\/uploads\/2023\/06\/cinque-terre-monterosso.webp\" alt=\"\" class=\"wp-image-2834\" srcset=\"https:\/\/sipariowp.clauramial.opalstacked.com\/wp-content\/uploads\/2023\/06\/cinque-terre-monterosso.webp 560w, https:\/\/sipariowp.clauramial.opalstacked.com\/wp-content\/uploads\/2023\/06\/cinque-terre-monterosso-300x200.webp 300w, https:\/\/sipariowp.clauramial.opalstacked.com\/wp-content\/uploads\/2023\/06\/cinque-terre-monterosso-18x12.webp 18w\" sizes=\"auto, (max-width: 560px) 100vw, 560px\" \/><\/figure>\n<\/div><\/div>\n<\/div><\/div>\n<\/div>\n\n\n\n<div class=\"wp-block-column col-lg-4 order-lg-2 is-layout-flow wp-block-column-is-layout-flow\">\n<h3 class=\"wp-block-heading\"><strong>Fai un giro in barca per le <a href=\"http:\/\/www.parconaturaleportovenere.it\/larcipelago-palmaria-tino-tinetto\/\" title=\"\">isole vicine<\/a><\/strong><\/h3>\n\n\n\n<p>PortoVenere \u00e8 il punto di partenza ideale per visitare <a href=\"http:\/\/www.parconaturaleportovenere.it\/larcipelago-palmaria-tino-tinetto\/\" target=\"_blank\" rel=\"noopener nofollow\" title=\"Visita Sito ufficiale del Parco Naturale di Porto Venere per sapere di pi\u00f9 sulle isole del Golfo dei Poeti \">le isole del Golfo dei Poeti<\/a>, che fanno parte del Parco Naturale Regionale di PortoVenere. La pi\u00f9 grande e la pi\u00f9 visitata \u00e8 l\u2019isola <strong>Palmaria<\/strong>, che offre una natura incontaminata, una grotta preistorica, una fortezza militare e una spiaggia di sabbia rosa. L\u2019isola <strong>Tino<\/strong> \u00e8 una riserva naturale che ospita una chiesa romanica e un faro. L\u2019isola <strong>Tinetto<\/strong> \u00e8 la pi\u00f9 piccola e la pi\u00f9 selvaggia, con i resti di un monastero medievale. <\/p>\n\n\n\n<p>Puoi raggiungere le isole con i traghetti che partono dal porticciolo di PortoVenere, oppure con le barche private che offrono tour personalizzati.<\/p>\n<\/div>\n<\/div>\n<\/div><\/div>\n<\/div><\/div>\n\n\n\n<div class=\"wp-block-group container-xxl py-5 mb-1\"><div class=\"wp-block-group__inner-container is-layout-constrained wp-block-group-is-layout-constrained\">\n<div class=\"wp-block-group container\"><div class=\"wp-block-group__inner-container is-layout-constrained wp-block-group-is-layout-constrained\">\n<h2 class=\"wp-block-heading\">San Terenzo, Lerici, Fiascherino e Tellaro<\/h2>\n\n\n\n<p>San Terenzo, Lerici, Fiascherino e Tellaro sono incantevoli localit\u00e0 costiere che si trovano nella zona della Spezia, famose per il loro fascino marinaro e le loro spiagge. <\/p>\n<\/div><\/div>\n<\/div><\/div>\n\n\n\n<div class=\"wp-block-group container-xxl py-5 mb-3\"><div class=\"wp-block-group__inner-container is-layout-constrained wp-block-group-is-layout-constrained\">\n<div class=\"wp-block-group container\"><div class=\"wp-block-group__inner-container is-layout-constrained wp-block-group-is-layout-constrained\">\n<div class=\"wp-block-columns row align-items-center justify-content-between is-layout-flex wp-container-core-columns-is-layout-22 wp-block-columns-is-layout-flex\">\n<div class=\"wp-block-column col-lg-6 order-lg-1  mb-5 mb-lg-0 is-layout-flow wp-block-column-is-layout-flow\">\n<div class=\"wp-block-group image-stack mb-3 mb-lg-0\"><div class=\"wp-block-group__inner-container is-layout-constrained wp-block-group-is-layout-constrained\">\n<div class=\"wp-block-group image-stack__item image-stack__item--bottom is-nowrap is-layout-flex wp-container-core-group-is-layout-106 wp-block-group-is-layout-flex\">\n<figure class=\"wp-block-image size-full img-fluid rounded wow FadeIn\"><img loading=\"lazy\" decoding=\"async\" width=\"560\" height=\"375\" src=\"https:\/\/sipariosulgolfo.com\/wp-content\/uploads\/2023\/06\/castello-doria-portovenere.webp\" alt=\"\" class=\"wp-image-2845\" srcset=\"https:\/\/sipariowp.clauramial.opalstacked.com\/wp-content\/uploads\/2023\/06\/castello-doria-portovenere.webp 560w, https:\/\/sipariowp.clauramial.opalstacked.com\/wp-content\/uploads\/2023\/06\/castello-doria-portovenere-300x201.webp 300w, https:\/\/sipariowp.clauramial.opalstacked.com\/wp-content\/uploads\/2023\/06\/castello-doria-portovenere-18x12.webp 18w\" sizes=\"auto, (max-width: 560px) 100vw, 560px\" \/><\/figure>\n<\/div>\n\n\n\n<div class=\"wp-block-group image-stack__item image-stack__item--top\"><div class=\"wp-block-group__inner-container is-layout-constrained wp-block-group-is-layout-constrained\">\n<figure class=\"wp-block-image size-full\"><img loading=\"lazy\" decoding=\"async\" width=\"560\" height=\"373\" src=\"https:\/\/sipariosulgolfo.com\/wp-content\/uploads\/2023\/06\/cinque-terre-monterosso.webp\" alt=\"\" class=\"wp-image-2834\" srcset=\"https:\/\/sipariowp.clauramial.opalstacked.com\/wp-content\/uploads\/2023\/06\/cinque-terre-monterosso.webp 560w, https:\/\/sipariowp.clauramial.opalstacked.com\/wp-content\/uploads\/2023\/06\/cinque-terre-monterosso-300x200.webp 300w, https:\/\/sipariowp.clauramial.opalstacked.com\/wp-content\/uploads\/2023\/06\/cinque-terre-monterosso-18x12.webp 18w\" sizes=\"auto, (max-width: 560px) 100vw, 560px\" \/><\/figure>\n<\/div><\/div>\n<\/div><\/div>\n<\/div>\n\n\n\n<div class=\"wp-block-column col-lg-4 order-lg-2 is-layout-flow wp-block-column-is-layout-flow\">\n<h3 class=\"wp-block-heading\"><strong>San Terenzo<\/strong><\/h3>\n\n\n\n<p>Questo pittoresco villaggio costiero \u00e8 famoso per la sua bella spiaggia di sabbia dorata. Da non perdere \u00e8 il <strong>Castello di San Terenzo<\/strong>, che domina la baia e offre una vista panoramica mozzafiato sulla costa. Puoi anche fare una passeggiata lungo il lungomare, e visitare la Chiesa di San Terenzo Martire, un edificio storico affascinante.<\/p>\n<\/div>\n<\/div>\n<\/div><\/div>\n<\/div><\/div>\n\n\n\n<div class=\"wp-block-group container-xxl py-5 mb-3\"><div class=\"wp-block-group__inner-container is-layout-constrained wp-block-group-is-layout-constrained\">\n<div class=\"wp-block-group container\"><div class=\"wp-block-group__inner-container is-layout-constrained wp-block-group-is-layout-constrained\">\n<div class=\"wp-block-columns row align-items-center justify-content-between is-layout-flex wp-container-core-columns-is-layout-23 wp-block-columns-is-layout-flex\">\n<div class=\"wp-block-column col-lg-6 order-lg-1  mb-5 mb-lg-0 is-layout-flow wp-block-column-is-layout-flow\">\n<div class=\"wp-block-group image-stack mb-3 mb-lg-0\"><div class=\"wp-block-group__inner-container is-layout-constrained wp-block-group-is-layout-constrained\">\n<div class=\"wp-block-group image-stack__item image-stack__item--bottom is-nowrap is-layout-flex wp-container-core-group-is-layout-111 wp-block-group-is-layout-flex\">\n<figure class=\"wp-block-image size-full img-fluid rounded wow FadeIn\"><img loading=\"lazy\" decoding=\"async\" width=\"560\" height=\"375\" src=\"https:\/\/sipariosulgolfo.com\/wp-content\/uploads\/2023\/06\/castello-doria-portovenere.webp\" alt=\"\" class=\"wp-image-2845\" srcset=\"https:\/\/sipariowp.clauramial.opalstacked.com\/wp-content\/uploads\/2023\/06\/castello-doria-portovenere.webp 560w, https:\/\/sipariowp.clauramial.opalstacked.com\/wp-content\/uploads\/2023\/06\/castello-doria-portovenere-300x201.webp 300w, https:\/\/sipariowp.clauramial.opalstacked.com\/wp-content\/uploads\/2023\/06\/castello-doria-portovenere-18x12.webp 18w\" sizes=\"auto, (max-width: 560px) 100vw, 560px\" \/><\/figure>\n<\/div>\n\n\n\n<div class=\"wp-block-group image-stack__item image-stack__item--top\"><div class=\"wp-block-group__inner-container is-layout-constrained wp-block-group-is-layout-constrained\">\n<figure class=\"wp-block-image size-full\"><img loading=\"lazy\" decoding=\"async\" width=\"560\" height=\"373\" src=\"https:\/\/sipariosulgolfo.com\/wp-content\/uploads\/2023\/06\/cinque-terre-monterosso.webp\" alt=\"\" class=\"wp-image-2834\" srcset=\"https:\/\/sipariowp.clauramial.opalstacked.com\/wp-content\/uploads\/2023\/06\/cinque-terre-monterosso.webp 560w, https:\/\/sipariowp.clauramial.opalstacked.com\/wp-content\/uploads\/2023\/06\/cinque-terre-monterosso-300x200.webp 300w, https:\/\/sipariowp.clauramial.opalstacked.com\/wp-content\/uploads\/2023\/06\/cinque-terre-monterosso-18x12.webp 18w\" sizes=\"auto, (max-width: 560px) 100vw, 560px\" \/><\/figure>\n<\/div><\/div>\n<\/div><\/div>\n<\/div>\n\n\n\n<div class=\"wp-block-column col-lg-4 order-lg-2 is-layout-flow wp-block-column-is-layout-flow\">\n<h3 class=\"wp-block-heading\">Lerici<\/h3>\n\n\n\n<p>Situata vicino a San Terenzo, <a href=\"https:\/\/www.liguria.info\/la-spezia\/lerici\/\" target=\"_blank\" rel=\"noopener nofollow\" title=\"Per sapere di pi\u00f9 visita il sito Liguria.Info\">Lerici<\/a> \u00e8 un affascinante borgo marinaro una met\u00e0 turistica molto conosciuta sia per la quantit\u00e0 e variet\u00e0 di spiagge e cale che si susseguono lungo il suo litorale, sia per i suoi incantevoli scorci e immagini da cartolina. <\/p>\n\n\n\n<p>Da visitare il <strong>Castello di Lerici<\/strong>, che domina il golfo e ospita il <strong>Museo Geopaleontologico<\/strong>; passeggiare lungo il <strong>Lungomare Marconi<\/strong> e ammirare il panorama sul mare e le isole; scoprire le <strong>chiese<\/strong> storiche come la <strong>Chiesa di San Francesco<\/strong>, la <strong>Chiesa di San Rocco<\/strong> e la <strong>Chiesa di Santa Maria<\/strong>; assaggiare la cucina tipica ligure, a base di pesce, focaccia, pesto e farinata.<\/p>\n\n\n\n<p>Un\u2019esperienza che non devi perdere a Lerici \u00e8 la passeggiata lungomare che collega il centro di Lerici alla frazione di San Terenzo.  Una passeggiata dove il punto di inizio e di fine \u00e8 marcato da un castello a picco sul mare. <\/p>\n<\/div>\n<\/div>\n<\/div><\/div>\n<\/div><\/div>\n\n\n\n<div class=\"wp-block-group container-xxl py-5 mb-3\"><div class=\"wp-block-group__inner-container is-layout-constrained wp-block-group-is-layout-constrained\">\n<div class=\"wp-block-group container\"><div class=\"wp-block-group__inner-container is-layout-constrained wp-block-group-is-layout-constrained\">\n<div class=\"wp-block-columns row align-items-center justify-content-between is-layout-flex wp-container-core-columns-is-layout-24 wp-block-columns-is-layout-flex\">\n<div class=\"wp-block-column col-lg-6 order-lg-1  mb-5 mb-lg-0 is-layout-flow wp-block-column-is-layout-flow\">\n<div class=\"wp-block-group image-stack mb-3 mb-lg-0\"><div class=\"wp-block-group__inner-container is-layout-constrained wp-block-group-is-layout-constrained\">\n<div class=\"wp-block-group image-stack__item image-stack__item--bottom is-nowrap is-layout-flex wp-container-core-group-is-layout-116 wp-block-group-is-layout-flex\">\n<figure class=\"wp-block-image size-full img-fluid rounded wow FadeIn\"><img loading=\"lazy\" decoding=\"async\" width=\"560\" height=\"375\" src=\"https:\/\/sipariosulgolfo.com\/wp-content\/uploads\/2023\/06\/castello-doria-portovenere.webp\" alt=\"\" class=\"wp-image-2845\" srcset=\"https:\/\/sipariowp.clauramial.opalstacked.com\/wp-content\/uploads\/2023\/06\/castello-doria-portovenere.webp 560w, https:\/\/sipariowp.clauramial.opalstacked.com\/wp-content\/uploads\/2023\/06\/castello-doria-portovenere-300x201.webp 300w, https:\/\/sipariowp.clauramial.opalstacked.com\/wp-content\/uploads\/2023\/06\/castello-doria-portovenere-18x12.webp 18w\" sizes=\"auto, (max-width: 560px) 100vw, 560px\" \/><\/figure>\n<\/div>\n\n\n\n<div class=\"wp-block-group image-stack__item image-stack__item--top\"><div class=\"wp-block-group__inner-container is-layout-constrained wp-block-group-is-layout-constrained\">\n<figure class=\"wp-block-image size-full\"><img loading=\"lazy\" decoding=\"async\" width=\"560\" height=\"373\" src=\"https:\/\/sipariosulgolfo.com\/wp-content\/uploads\/2023\/06\/cinque-terre-monterosso.webp\" alt=\"\" class=\"wp-image-2834\" srcset=\"https:\/\/sipariowp.clauramial.opalstacked.com\/wp-content\/uploads\/2023\/06\/cinque-terre-monterosso.webp 560w, https:\/\/sipariowp.clauramial.opalstacked.com\/wp-content\/uploads\/2023\/06\/cinque-terre-monterosso-300x200.webp 300w, https:\/\/sipariowp.clauramial.opalstacked.com\/wp-content\/uploads\/2023\/06\/cinque-terre-monterosso-18x12.webp 18w\" sizes=\"auto, (max-width: 560px) 100vw, 560px\" \/><\/figure>\n<\/div><\/div>\n<\/div><\/div>\n<\/div>\n\n\n\n<div class=\"wp-block-column col-lg-4 order-lg-2 is-layout-flow wp-block-column-is-layout-flow\">\n<h3 class=\"wp-block-heading\">Fiascherino<\/h3>\n\n\n\n<p>Fiascherino \u00e8 una piccola frazione di Lerici, caratterizzata da una costa rocciosa e baie nascoste. \u00c8 un luogo ideale per gli amanti della natura e del mare. <\/p>\n\n\n\n<p>Puoi fare una passeggiata lungo i sentieri costieri che offrono panorami mozzafiato sul mare e sulle scogliere.<\/p>\n\n\n\n<p>O puoi scegliere di rilassarti nelle due <strong>spiagge di Fiascherino<\/strong>, una attrezzata e una libera, circondate da una natura rigogliosa; e fare una nuotata nelle acque cristalline. <\/p>\n\n\n\n<p>\u00c8 anche possibile affittare una barca e visitare le calette isolate lungo la costa.<\/p>\n\n\n\n<p>Visitare le <strong>rovine di Barbazzano<\/strong>, un antico borgo murato del X secolo, raggiungibile con un sentiero tra gli ulivi; fare una passeggiata fino a <strong>San Terenzo<\/strong>, l\u2019altra frazione di Lerici, dove si trova la <strong>Villa Magni<\/strong>, residenza estiva del poeta Percy Bysshe Shelley.<\/p>\n<\/div>\n<\/div>\n<\/div><\/div>\n<\/div><\/div>\n\n\n\n<div class=\"wp-block-group container-xxl py-5 mb-3\"><div class=\"wp-block-group__inner-container is-layout-constrained wp-block-group-is-layout-constrained\">\n<div class=\"wp-block-group container\"><div class=\"wp-block-group__inner-container is-layout-constrained wp-block-group-is-layout-constrained\">\n<div class=\"wp-block-columns row align-items-center justify-content-between is-layout-flex wp-container-core-columns-is-layout-25 wp-block-columns-is-layout-flex\">\n<div class=\"wp-block-column col-lg-6 order-lg-1  mb-5 mb-lg-0 is-layout-flow wp-block-column-is-layout-flow\">\n<div class=\"wp-block-group image-stack mb-3 mb-lg-0\"><div class=\"wp-block-group__inner-container is-layout-constrained wp-block-group-is-layout-constrained\">\n<div class=\"wp-block-group image-stack__item image-stack__item--bottom is-nowrap is-layout-flex wp-container-core-group-is-layout-121 wp-block-group-is-layout-flex\">\n<figure class=\"wp-block-image size-full img-fluid rounded wow FadeIn\"><img loading=\"lazy\" decoding=\"async\" width=\"560\" height=\"375\" src=\"https:\/\/sipariosulgolfo.com\/wp-content\/uploads\/2023\/06\/castello-doria-portovenere.webp\" alt=\"\" class=\"wp-image-2845\" srcset=\"https:\/\/sipariowp.clauramial.opalstacked.com\/wp-content\/uploads\/2023\/06\/castello-doria-portovenere.webp 560w, https:\/\/sipariowp.clauramial.opalstacked.com\/wp-content\/uploads\/2023\/06\/castello-doria-portovenere-300x201.webp 300w, https:\/\/sipariowp.clauramial.opalstacked.com\/wp-content\/uploads\/2023\/06\/castello-doria-portovenere-18x12.webp 18w\" sizes=\"auto, (max-width: 560px) 100vw, 560px\" \/><\/figure>\n<\/div>\n\n\n\n<div class=\"wp-block-group image-stack__item image-stack__item--top\"><div class=\"wp-block-group__inner-container is-layout-constrained wp-block-group-is-layout-constrained\">\n<figure class=\"wp-block-image size-full\"><img loading=\"lazy\" decoding=\"async\" width=\"560\" height=\"373\" src=\"https:\/\/sipariosulgolfo.com\/wp-content\/uploads\/2023\/06\/cinque-terre-monterosso.webp\" alt=\"\" class=\"wp-image-2834\" srcset=\"https:\/\/sipariowp.clauramial.opalstacked.com\/wp-content\/uploads\/2023\/06\/cinque-terre-monterosso.webp 560w, https:\/\/sipariowp.clauramial.opalstacked.com\/wp-content\/uploads\/2023\/06\/cinque-terre-monterosso-300x200.webp 300w, https:\/\/sipariowp.clauramial.opalstacked.com\/wp-content\/uploads\/2023\/06\/cinque-terre-monterosso-18x12.webp 18w\" sizes=\"auto, (max-width: 560px) 100vw, 560px\" \/><\/figure>\n<\/div><\/div>\n<\/div><\/div>\n<\/div>\n\n\n\n<div class=\"wp-block-column col-lg-4 order-lg-2 is-layout-flow wp-block-column-is-layout-flow\">\n<h3 class=\"wp-block-heading\">Tellaro<\/h3>\n\n\n\n<p>Tellaro \u00e8 una piccola e suggestiva frazione di Lerici, situata sulla costa orientale del Golfo dei Poeti, in Liguria. \u00c8 considerato uno dei borghi pi\u00f9 belli d\u2019Italia e una meta di artisti italiani e stranieri. Esplorare il <strong>borgo antico<\/strong>, con le sue case colorate, le viuzze strette e la <strong>Chiesa di San Giorgio<\/strong> che si affaccia sul mare e offre una vista mozzafiato sul golfo e sulle isole; fare il bagno nella <strong>spiaggia di Tellaro<\/strong>, una piccola caletta di sassi e scogli; ammirare la <strong>Farfalla di Luce<\/strong> o Farfalla Dorata dei Monti di San Lorenzo, un fenomeno astronomico che si verifica due volte l\u2019anno, quando i raggi del sole si riflettono su un menhir preistorico sul Monte Caprione creando appunto la figura di una farfalla.<\/p>\n<\/div>\n<\/div>\n<\/div><\/div>\n<\/div><\/div>","protected":false},"excerpt":{"rendered":"<p>Nelle vicinanze a &#8220;Sipario sul Golfo&#8221; si trovano Le Cinque Terre, Porto Venere, Lerici.<\/p>","protected":false},"author":2,"featured_media":2168,"parent":2996,"menu_order":1,"comment_status":"closed","ping_status":"closed","template":"","meta":{"content-type":"","_uag_custom_page_level_css":"","footnotes":""},"class_list":["post-2160","page","type-page","status-publish","has-post-thumbnail","hentry"],"aioseo_notices":[],"uagb_featured_image_src":{"full":["https:\/\/sipariowp.clauramial.opalstacked.com\/wp-content\/uploads\/2023\/04\/riomaggiore-porticciolo.webp",1920,1300,false],"thumbnail":["https:\/\/sipariowp.clauramial.opalstacked.com\/wp-content\/uploads\/2023\/04\/riomaggiore-porticciolo-150x150.webp",150,150,true],"medium":["https:\/\/sipariowp.clauramial.opalstacked.com\/wp-content\/uploads\/2023\/04\/riomaggiore-porticciolo-300x203.webp",300,203,true],"medium_large":["https:\/\/sipariowp.clauramial.opalstacked.com\/wp-content\/uploads\/2023\/04\/riomaggiore-porticciolo-768x520.webp",768,520,true],"large":["https:\/\/sipariowp.clauramial.opalstacked.com\/wp-content\/uploads\/2023\/04\/riomaggiore-porticciolo-1024x693.webp",800,541,true],"1536x1536":["https:\/\/sipariowp.clauramial.opalstacked.com\/wp-content\/uploads\/2023\/04\/riomaggiore-porticciolo-1536x1040.webp",1536,1040,true],"2048x2048":["https:\/\/sipariowp.clauramial.opalstacked.com\/wp-content\/uploads\/2023\/04\/riomaggiore-porticciolo.webp",1920,1300,false],"trp-custom-language-flag":["https:\/\/sipariowp.clauramial.opalstacked.com\/wp-content\/uploads\/2023\/04\/riomaggiore-porticciolo-18x12.webp",18,12,true],"clauramial-about-thumb":["https:\/\/sipariowp.clauramial.opalstacked.com\/wp-content\/uploads\/2023\/04\/riomaggiore-porticciolo-400x420.webp",400,420,true],"clauramial-blog-thumb":["https:\/\/sipariowp.clauramial.opalstacked.com\/wp-content\/uploads\/2023\/04\/riomaggiore-porticciolo-800x420.webp",800,420,true],"clauramial-featured-thumb":["https:\/\/sipariowp.clauramial.opalstacked.com\/wp-content\/uploads\/2023\/04\/riomaggiore-porticciolo.webp",620,420,false],"clauramial-slider":["https:\/\/sipariowp.clauramial.opalstacked.com\/wp-content\/uploads\/2023\/04\/riomaggiore-porticciolo-1920x700.webp",1920,700,true]},"uagb_author_info":{"display_name":"Daniel Ramirez Alonso","author_link":"https:\/\/sipariowp.clauramial.opalstacked.com\/es\/author\/dany_sukerhotmail-com\/"},"uagb_comment_info":0,"uagb_excerpt":"Nelle vicinanze a \"Sipario sul Golfo\" si trovano Le Cinque Terre, Porto Venere, Lerici.","_links":{"self":[{"href":"https:\/\/sipariowp.clauramial.opalstacked.com\/es\/wp-json\/wp\/v2\/pages\/2160","targetHints":{"allow":["GET"]}}],"collection":[{"href":"https:\/\/sipariowp.clauramial.opalstacked.com\/es\/wp-json\/wp\/v2\/pages"}],"about":[{"href":"https:\/\/sipariowp.clauramial.opalstacked.com\/es\/wp-json\/wp\/v2\/types\/page"}],"author":[{"embeddable":true,"href":"https:\/\/sipariowp.clauramial.opalstacked.com\/es\/wp-json\/wp\/v2\/users\/2"}],"replies":[{"embeddable":true,"href":"https:\/\/sipariowp.clauramial.opalstacked.com\/es\/wp-json\/wp\/v2\/comments?post=2160"}],"version-history":[{"count":63,"href":"https:\/\/sipariowp.clauramial.opalstacked.com\/es\/wp-json\/wp\/v2\/pages\/2160\/revisions"}],"predecessor-version":[{"id":3546,"href":"https:\/\/sipariowp.clauramial.opalstacked.com\/es\/wp-json\/wp\/v2\/pages\/2160\/revisions\/3546"}],"up":[{"embeddable":true,"href":"https:\/\/sipariowp.clauramial.opalstacked.com\/es\/wp-json\/wp\/v2\/pages\/2996"}],"wp:featuredmedia":[{"embeddable":true,"href":"https:\/\/sipariowp.clauramial.opalstacked.com\/es\/wp-json\/wp\/v2\/media\/2168"}],"wp:attachment":[{"href":"https:\/\/sipariowp.clauramial.opalstacked.com\/es\/wp-json\/wp\/v2\/media?parent=2160"}],"curies":[{"name":"wp","href":"https:\/\/api.w.org\/{rel}","templated":true}]}}